{"id":38,"date":"2020-02-18T12:47:39","date_gmt":"2020-02-18T15:47:39","guid":{"rendered":"http:\/\/localhost\/chuvas\/?page_id=36"},"modified":"2025-01-08T16:21:20","modified_gmt":"2025-01-08T19:21:20","slug":"guia-basico","status":"publish","type":"page","link":"https:\/\/www.tcees.tc.br\/chuvas\/guia-basico\/","title":{"rendered":"GUIA B\u00c1SICO"},"content":{"rendered":"<div class=\"wpb-content-wrapper\"><p>[vc_row][vc_column][vc_custom_heading text=&#8221;Sum\u00e1rio&#8221; font_container=&#8221;tag:h2|font_size:30px|text_align:left|color:%231e73be|line_height:35px&#8221; google_fonts=&#8221;font_family:Quattrocento%20Sans%3Aregular%2Citalic%2C700%2C700italic|font_style:400%20regular%3A400%3Anormal&#8221;][vc_separator color=&#8221;custom&#8221; border_width=&#8221;2&#8243; accent_color=&#8221;#f9db72&#8243;][\/vc_column][\/vc_row][vc_row css=&#8221;.vc_custom_1582059556194{margin-bottom: 50px !important;}&#8221;][vc_column width=&#8221;1\/2&#8243;][vc_btn title=&#8221;<strong>Defini\u00e7\u00f5es<\/strong>&#8221; color=&#8221;primary&#8221; align=&#8221;left&#8221; i_align=&#8221;right&#8221; i_icon_fontawesome=&#8221;fas fa-angle-down&#8221; css=&#8221;.vc_custom_1711406945734{margin-bottom: 0px !important;}&#8221; button_block=&#8221;true&#8221; add_icon=&#8221;true&#8221; link=&#8221;url:%23item-01|title:GUIA%20B%C3%81SICO||&#8221;][vc_btn title=&#8221;<strong>Procedimentos<\/strong>&#8221; color=&#8221;primary&#8221; align=&#8221;left&#8221; i_align=&#8221;right&#8221; i_icon_fontawesome=&#8221;fas fa-angle-down&#8221; css=&#8221;.vc_custom_1711406969228{margin-top: 5px !important;margin-bottom: 5px !important;}&#8221; button_block=&#8221;true&#8221; add_icon=&#8221;true&#8221; link=&#8221;url:%23item-02|title:GUIA%20B%C3%81SICO||&#8221;][vc_btn title=&#8221;<strong>Contrata\u00e7\u00e3o de Pessoal<\/strong>&#8221; color=&#8221;primary&#8221; align=&#8221;left&#8221; i_align=&#8221;right&#8221; i_icon_fontawesome=&#8221;fas fa-angle-down&#8221; css=&#8221;.vc_custom_1711406986209{margin-top: 5px !important;margin-bottom: 5px !important;}&#8221; button_block=&#8221;true&#8221; add_icon=&#8221;true&#8221; link=&#8221;url:%23item-03|title:GUIA%20B%C3%81SICO||&#8221;][vc_btn title=&#8221;<strong>Despesas<\/strong>&#8221; color=&#8221;primary&#8221; align=&#8221;left&#8221; i_align=&#8221;right&#8221; i_icon_fontawesome=&#8221;fas fa-angle-down&#8221; css=&#8221;.vc_custom_1711407002259{margin-top: 5px !important;margin-bottom: 5px !important;}&#8221; button_block=&#8221;true&#8221; add_icon=&#8221;true&#8221; link=&#8221;url:%23item-04|title:GUIA%20B%C3%81SICO||&#8221;][\/vc_column][vc_column width=&#8221;1\/2&#8243;][vc_btn title=&#8221;<strong>Ajuda a Munic\u00edpios Afetados<\/strong>&#8221; color=&#8221;primary&#8221; align=&#8221;left&#8221; i_align=&#8221;right&#8221; i_icon_fontawesome=&#8221;fas fa-angle-down&#8221; css=&#8221;.vc_custom_1711407017776{margin-top: 5px !important;margin-bottom: 5px !important;}&#8221; button_block=&#8221;true&#8221; add_icon=&#8221;true&#8221; link=&#8221;url:%23item-05|title:GUIA%20B%C3%81SICO||&#8221;][vc_btn title=&#8221;<strong>Fonte de recursos e Lei de Responsabilidade Fiscal<\/strong>&#8221; color=&#8221;primary&#8221; align=&#8221;left&#8221; i_align=&#8221;right&#8221; i_icon_fontawesome=&#8221;fas fa-angle-down&#8221; css=&#8221;.vc_custom_1711407064649{margin-bottom: 0px !important;}&#8221; button_block=&#8221;true&#8221; add_icon=&#8221;true&#8221; link=&#8221;url:%23item-06|title:GUIA%20B%C3%81SICO||&#8221;][vc_btn title=&#8221;<strong>Fiscaliza\u00e7\u00e3o | San\u00e7\u00f5es<\/strong>&#8221; color=&#8221;primary&#8221; align=&#8221;left&#8221; i_align=&#8221;right&#8221; i_icon_fontawesome=&#8221;fas fa-angle-down&#8221; css=&#8221;.vc_custom_1711407079045{margin-top: 5px !important;margin-bottom: 5px !important;}&#8221; button_block=&#8221;true&#8221; add_icon=&#8221;true&#8221; link=&#8221;url:%23item-07|title:GUIA%20B%C3%81SICO||&#8221;][vc_btn title=&#8221;<strong>Receitas<\/strong>&#8221; color=&#8221;primary&#8221; align=&#8221;left&#8221; i_align=&#8221;right&#8221; i_icon_fontawesome=&#8221;fas fa-angle-down&#8221; css=&#8221;.vc_custom_1711476317607{margin-top: 5px !important;margin-bottom: 5px !important;}&#8221; button_block=&#8221;true&#8221; add_icon=&#8221;true&#8221; link=&#8221;url:%23item-08|title:GUIA%20B%C3%81SICO&#8221;][\/vc_column][\/vc_row][vc_row el_id=&#8221;item-01&#8243; css=&#8221;.vc_custom_1711407749459{padding-top: 30px !important;padding-bottom: 30px !important;}&#8221;][vc_column][vc_column_text]<\/p>\n<h2><span style=\"font-size: 18pt;\"><strong>1 &#8211; Defini\u00e7\u00f5es<\/strong><\/span><\/h2>\n<h4><span style=\"font-size: 14pt;\"><strong>1.1 \u2013 O que se entende por desastre, situa\u00e7\u00e3o de emerg\u00eancia e estado de calamidade p\u00fablica?<\/strong><\/span><\/h4>\n<p>A Lei N\u00ba 12.608, de 10 de abril de 2012, apresenta as seguintes defini\u00e7\u00f5es:<\/p>\n<ul>\n<li>desastre: resultado de evento adverso, de origem natural ou induzido pela a\u00e7\u00e3o humana, sobre ecossistemas e popula\u00e7\u00f5es vulner\u00e1veis que causa significativos danos humanos, materiais ou ambientais e preju\u00edzos econ\u00f4micos e sociais;<\/li>\n<li>situa\u00e7\u00e3o de emerg\u00eancia: situa\u00e7\u00e3o anormal provocada por desastre causadora de danos e preju\u00edzos que implicam o comprometimento parcial da capacidade de resposta do poder p\u00fablico do ente atingido e da qual decorre a necessidade de recursos complementares dos demais entes da Federa\u00e7\u00e3o para o enfrentamento da situa\u00e7\u00e3o; e<\/li>\n<li>estado de calamidade p\u00fablica: situa\u00e7\u00e3o anormal provocada por desastre causadora de danos e preju\u00edzos que implicam o comprometimento substancial da capacidade de resposta do poder p\u00fablico do ente atingido, de tal forma que a situa\u00e7\u00e3o somente pode ser superada com o aux\u00edlio dos demais entes da Federa\u00e7\u00e3o;<\/li>\n<\/ul>\n<p>Os desastres naturais e tecnol\u00f3gicos (aqueles provocados) s\u00e3o divididos em grupos e subgrupos, a partir da Classifica\u00e7\u00e3o e Codifica\u00e7\u00e3o Brasileira de Desastres (Cobrade).<\/p>\n<p>Neste sentido, o Decreto N\u00ba 12.340, de 1\u00ba de dezembro de 2010, disp\u00f5e sobre as transfer\u00eancias de recursos da Uni\u00e3o aos \u00f3rg\u00e3os e entidades dos Estados, Distrito Federal e Munic\u00edpios para a execu\u00e7\u00e3o de a\u00e7\u00f5es de preven\u00e7\u00e3o em \u00e1reas de risco de desastres e de resposta e de recupera\u00e7\u00e3o em \u00e1reas atingidas por desastres e sobre o Fundo Nacional para Calamidades P\u00fablicas, Prote\u00e7\u00e3o e Defesa Civil.<\/p>\n<p>Tamb\u00e9m, o Decreto N\u00ba 11.219, de 5 de outubro de 2022, regulamenta o art. 1\u00ba-A, o art. 3\u00ba, o art. 4\u00ba, o art. 5\u00ba e o art. 5\u00ba-A da Lei n\u00ba 12.340\/2010, para dispor sobre as transfer\u00eancias obrigat\u00f3rias de recursos financeiros da Uni\u00e3o aos Estados, ao Distrito Federal e aos Munic\u00edpios para a execu\u00e7\u00e3o de a\u00e7\u00f5es de preven\u00e7\u00e3o em \u00e1reas de risco de desastres e de resposta e recupera\u00e7\u00e3o em \u00e1reas atingidas por desastres.[\/vc_column_text][\/vc_column][\/vc_row][vc_row][vc_column][vc_separator color=&#8221;custom&#8221; border_width=&#8221;2&#8243; accent_color=&#8221;#f9db72&#8243;][\/vc_column][\/vc_row][vc_row el_id=&#8221;item-02&#8243; css=&#8221;.vc_custom_1711407780926{padding-top: 30px !important;padding-bottom: 30px !important;}&#8221;][vc_column][vc_column_text]<\/p>\n<h2><span style=\"font-size: 18pt;\"><strong>2 &#8211; Procedimentos<\/strong><\/span><\/h2>\n<h4><span style=\"font-size: 14pt;\"><strong>2.1 &#8211; Como deve proceder o poder p\u00fablico municipal no caso de ocorr\u00eancia de desastre?<\/strong><\/span><\/h4>\n<p>Em caso de desastre, \u00e9 imperioso que o poder p\u00fablico municipal institua de imediato ao menos duas frentes de trabalho: uma que ter\u00e1 atua\u00e7\u00e3o junto \u00e0s comunidades afetadas, prestando atendimento \u00e0s v\u00edtimas, e outra que dar\u00e1 suporte administrativo para atua\u00e7\u00e3o da primeira, cuidando de todas as quest\u00f5es legais, necess\u00e1rias para que as compras, as obras e os servi\u00e7os sejam realizados em estrita obedi\u00eancia \u00e0 legisla\u00e7\u00e3o. A integra\u00e7\u00e3o dessas duas equipes \u00e9 fundamental para a efic\u00e1cia da opera\u00e7\u00e3o e obten\u00e7\u00e3o dos objetivos buscados.<\/p>\n<h4><span style=\"font-size: 14pt;\"><strong>2.2 &#8211; Como tornar p\u00fablica a situa\u00e7\u00e3o de emerg\u00eancia ou estado de calamidade p\u00fablica?<\/strong><\/span><\/h4>\n<p>A situa\u00e7\u00e3o de emerg\u00eancia ou de estado de calamidade p\u00fablica ter\u00e1 sua publicidade concretizada com a publica\u00e7\u00e3o de um decreto. A expedi\u00e7\u00e3o desse ato \u00e9 necess\u00e1ria para que o munic\u00edpio tenha sua situa\u00e7\u00e3o reconhecida por outros entes (Estado e Uni\u00e3o) e possa receber recursos provenientes desses para recupera\u00e7\u00e3o das \u00e1reas atingidas.<\/p>\n<h4><span style=\"font-size: 14pt;\"><strong>2.3 &#8211; Qual o papel da equipe administrativa?<\/strong><\/span><\/h4>\n<p>Primeiramente, a equipe administrativa deve levantar as demandas de atendimento imediato.<br \/>\nSitua\u00e7\u00f5es decorrentes de desastres pressup\u00f5em ado\u00e7\u00e3o de certas medidas para que compras, servi\u00e7os e obras sejam contratados na forma da lei.<\/p>\n<p>H\u00e1 de se verificar se os contratos em vigor podem ser utilizados como refor\u00e7o para a recupera\u00e7\u00e3o das \u00e1reas atingidas e tamb\u00e9m se dever\u00e1 ser realizada alguma contrata\u00e7\u00e3o mediante processo de licita\u00e7\u00e3o ou sua dispensa.<\/p>\n<p>Importante destacar que os objetos desses contratos devem guardar pertin\u00eancia com as a\u00e7\u00f5es decorrentes da situa\u00e7\u00e3o calamitosa como, por exemplo, medicamentos, loca\u00e7\u00e3o de m\u00e1quinas e equipamentos e fornecimento de materiais de constru\u00e7\u00e3o.<\/p>\n<h4><span style=\"font-size: 14pt;\"><strong>2.4 &#8211; \u00c9 poss\u00edvel a contrata\u00e7\u00e3o por dispensa de licita\u00e7\u00e3o?<\/strong><\/span><\/h4>\n<p>De acordo com o art. 75, VIII da Lei 14.133, de 1\u00ba de abril de 2021, \u00e9 dispens\u00e1vel a licita\u00e7\u00e3o nos casos de emerg\u00eancia ou de <strong><u>calamidade p\u00fablica<\/u><\/strong>, quando <strong><u>caracterizada urg\u00eancia de atendimento de situa\u00e7\u00e3o que possa ocasionar preju\u00edzo ou comprometer a continuidade dos servi\u00e7os p\u00fablicos ou a seguran\u00e7a de pessoas, obras, servi\u00e7os, equipamentos e outros bens, p\u00fablicos ou particulares, e somente para aquisi\u00e7\u00e3o dos bens necess\u00e1rios ao atendimento da situa\u00e7\u00e3o emergencial ou calamitosa e para as parcelas de obras e servi\u00e7os que possam ser conclu\u00eddas no prazo m\u00e1ximo de 1 (um) ano<\/u><\/strong>, contado da data de ocorr\u00eancia da emerg\u00eancia ou da calamidade, vedadas a prorroga\u00e7\u00e3o dos respectivos contratos e a recontrata\u00e7\u00e3o de empresa j\u00e1 contratada com base no disposto neste inciso.<\/p>\n<p>O artigo 72 da Lei traz a lista de documentos que devem constar no processo:<\/p>\n<ul>\n<li>documento de formaliza\u00e7\u00e3o de demanda <em>(que caracteriza a emerg\u00eancia ou calamidade p\u00fablica)<\/em> e, se for o caso, estudo t\u00e9cnico preliminar, an\u00e1lise de riscos, termo de refer\u00eancia, projeto b\u00e1sico ou projeto executivo;<\/li>\n<li>estimativa de despesa, que dever\u00e1 ser calculada na forma estabelecida no\u00a0<a href=\"https:\/\/www.planalto.gov.br\/ccivil_03\/_Ato2019-2022\/2021\/Lei\/L14133.htm#art23\"> 23 da Lei<\/a>;<\/li>\n<li>parecer jur\u00eddico e pareceres t\u00e9cnicos, se for o caso, que demonstrem o atendimento dos requisitos exigidos;<\/li>\n<li>demonstra\u00e7\u00e3o da compatibilidade da previs\u00e3o de recursos or\u00e7ament\u00e1rios com o compromisso a ser assumido;<\/li>\n<li>comprova\u00e7\u00e3o de que o contratado preenche os requisitos de habilita\u00e7\u00e3o e qualifica\u00e7\u00e3o m\u00ednima necess\u00e1ria;<\/li>\n<li>raz\u00e3o da escolha do contratado;<\/li>\n<li>justificativa de pre\u00e7o; e<\/li>\n<li>autoriza\u00e7\u00e3o da autoridade competente.<\/li>\n<\/ul>\n<p>O ato que autoriza a contrata\u00e7\u00e3o direta ou o extrato decorrente do contrato dever\u00e1 ser divulgado e mantido \u00e0 disposi\u00e7\u00e3o do p\u00fablico em s\u00edtio eletr\u00f4nico oficial.<\/p>\n<p>Tamb\u00e9m, nos termos do \u00a73\u00ba do art. 137, a rigor, n\u00e3o ser\u00e3o admitidas as hip\u00f3teses de extin\u00e7\u00e3o por:<\/p>\n<ul>\n<li>suspens\u00e3o de execu\u00e7\u00e3o do contrato, por ordem escrita da Administra\u00e7\u00e3o, por prazo superior a 3 (tr\u00eas) meses;<\/li>\n<li>repetidas suspens\u00f5es que totalizem 90 (noventa) dias \u00fateis, independentemente do pagamento obrigat\u00f3rio de indeniza\u00e7\u00e3o pelas sucessivas e contratualmente imprevistas desmobiliza\u00e7\u00f5es e mobiliza\u00e7\u00f5es e outras previstas; e<\/li>\n<li>atraso superior a 2 (dois) meses, contado da emiss\u00e3o da nota fiscal, dos pagamentos ou de parcelas de pagamentos devidos pela Administra\u00e7\u00e3o por despesas de obras, servi\u00e7os ou fornecimentos.<\/li>\n<\/ul>\n<h4><span style=\"font-size: 14pt;\"><strong>2.5 &#8211; Como formalizar os pagamentos decorrentes das licita\u00e7\u00f5es ou contrata\u00e7\u00f5es por dispensa de licita\u00e7\u00e3o?<\/strong><\/span><\/h4>\n<p>Ap\u00f3s a realiza\u00e7\u00e3o da licita\u00e7\u00e3o ou da sua dispensa, os munic\u00edpios em situa\u00e7\u00e3o de emerg\u00eancia ou de calamidade dever\u00e3o seguir todas as rotinas normais em rela\u00e7\u00e3o ao empenho, liquida\u00e7\u00e3o e pagamento das despesas, ou seja, as fases da despesa p\u00fablica dever\u00e3o ser respeitadas e a execu\u00e7\u00e3o do objeto (compra, servi\u00e7o, obra) deve ser precedida da contrata\u00e7\u00e3o.<\/p>\n<p>\u00c9 poss\u00edvel que os recursos a serem empregados sejam provenientes de conv\u00eanios ou instrumentos cong\u00eaneres firmados com outros entes. Neste caso, o aplicador dos recursos dever\u00e1 prestar aten\u00e7\u00e3o \u00e0s regras estabelecidas pelo ente repassador dos recursos, j\u00e1 que qualquer irregularidade poder\u00e1 acarretar responsabilidade pessoal do agente p\u00fablico para a devolu\u00e7\u00e3o dos recursos recebidos.<\/p>\n<p>Ainda, o art. 141 da Lei 14.133\/2021 indica a possibilidade da altera\u00e7\u00e3o da ordem cronol\u00f3gica de pagamento em prol aos contratos de calamidade p\u00fablica, mediante pr\u00e9via justificativa da autoridade competente e posterior comunica\u00e7\u00e3o ao \u00f3rg\u00e3o de controle interno da Administra\u00e7\u00e3o e ao tribunal de contas competente.[\/vc_column_text][\/vc_column][\/vc_row][vc_row][vc_column][vc_separator color=&#8221;custom&#8221; border_width=&#8221;2&#8243; accent_color=&#8221;#f9db72&#8243;][\/vc_column][\/vc_row][vc_row el_id=&#8221;item-03&#8243; css=&#8221;.vc_custom_1711407794827{padding-top: 30px !important;padding-bottom: 30px !important;}&#8221;][vc_column][vc_column_text]<\/p>\n<h2><span style=\"font-size: 18pt;\"><strong>3 &#8211; Contrata\u00e7\u00e3o de pessoal<\/strong><\/span><\/h2>\n<h4><span style=\"font-size: 14pt;\"><strong>3.1 &#8211; Os munic\u00edpios poder\u00e3o contratar pessoal por prazo determinado?<\/strong><\/span><\/h4>\n<p>Em seu artigo 37, inciso IX, a Constitui\u00e7\u00e3o Federal estipula que a lei poder\u00e1 estabelecer os casos de contrata\u00e7\u00e3o por tempo determinado para atender \u00e0 necessidade tempor\u00e1ria de excepcional interesse p\u00fablico.<\/p>\n<p>No caso de emerg\u00eancia ou de calamidade p\u00fablica, em ocorrendo a necessidade tempor\u00e1ria de excepcional interesse p\u00fablico, o munic\u00edpio dever\u00e1 providenciar a elabora\u00e7\u00e3o de lei contendo a autoriza\u00e7\u00e3o para essas contrata\u00e7\u00f5es, descrevendo as hip\u00f3teses autorizativas.<\/p>\n<p>Conv\u00e9m lembrar que compete ao gestor, ao aplicar a lei, comprovar que aquela contrata\u00e7\u00e3o, al\u00e9m de se enquadrar em hip\u00f3tese constante da lei do munic\u00edpio, encontra-se em conson\u00e2ncia com o artigo 37, inciso IX, da Constitui\u00e7\u00e3o Federal.<\/p>\n<p>A lei municipal dever\u00e1 estabelecer, de maneira razo\u00e1vel, os prazos m\u00e1ximos da dura\u00e7\u00e3o dos contratos, as fun\u00e7\u00f5es a serem desempenhadas com a respectiva escolaridade exigida, a remunera\u00e7\u00e3o, seus direitos e deveres, e ainda dispor quanto \u00e0 possibilidade ou n\u00e3o da prorroga\u00e7\u00e3o do contrato.<\/p>\n<p>Antes de proceder \u00e0s assinaturas dos contratos, dever\u00e1 providenciar a respectiva dota\u00e7\u00e3o or\u00e7ament\u00e1ria.[\/vc_column_text][\/vc_column][\/vc_row][vc_row][vc_column][vc_separator color=&#8221;custom&#8221; border_width=&#8221;2&#8243; accent_color=&#8221;#f9db72&#8243;][\/vc_column][\/vc_row][vc_row el_id=&#8221;item-04&#8243; css=&#8221;.vc_custom_1711407809755{padding-top: 30px !important;padding-bottom: 30px !important;}&#8221;][vc_column][vc_column_text]<\/p>\n<h2><span style=\"font-size: 18pt;\"><strong>4 &#8211; Despesas<\/strong><\/span><\/h2>\n<h4><span style=\"font-size: 14pt;\"><strong>4.1 &#8211; \u00c9 poss\u00edvel que o munic\u00edpio forne\u00e7a alimenta\u00e7\u00e3o aos volunt\u00e1rios?<\/strong><\/span><\/h4>\n<p>Sim, desde que as despesas sejam destinadas unicamente \u00e0 alimenta\u00e7\u00e3o dos volunt\u00e1rios enquanto estes estiverem desempenhando atividades espec\u00edficas de aux\u00edlio \u00e0 popula\u00e7\u00e3o e desde que haja a respectiva dota\u00e7\u00e3o or\u00e7ament\u00e1ria.<\/p>\n<p>\u00c9 importante que o munic\u00edpio proceda ao cadastramento dos volunt\u00e1rios e comprove as atividades realizadas.<\/p>\n<h4><span style=\"font-size: 14pt;\"><strong>4.2 &#8211; \u00c9 poss\u00edvel o munic\u00edpio abastecer tratores e m\u00e1quinas, mesmo que emprestados por particulares ou outros entes p\u00fablicos?<\/strong><\/span><\/h4>\n<p>Sim, desde que seja institu\u00eddo rigoroso controle das despesas por meio de cadastramento dos equipamentos e verifica\u00e7\u00e3o de que estejam sendo utilizados em prol do munic\u00edpio.<\/p>\n<p>Deve-se ressaltar ainda a necessidade de exist\u00eancia de pr\u00e9via dota\u00e7\u00e3o or\u00e7ament\u00e1ria.[\/vc_column_text][\/vc_column][\/vc_row][vc_row][vc_column][vc_separator color=&#8221;custom&#8221; border_width=&#8221;2&#8243; accent_color=&#8221;#f9db72&#8243;][\/vc_column][\/vc_row][vc_row el_id=&#8221;item-05&#8243; css=&#8221;.vc_custom_1711407821774{padding-top: 30px !important;padding-bottom: 30px !important;}&#8221;][vc_column][vc_column_text]<\/p>\n<h2><span style=\"font-size: 18pt;\"><strong>5 &#8211; Ajuda a munic\u00edpios afetados<\/strong><\/span><\/h2>\n<h4><span style=\"font-size: 14pt;\"><strong>5.1 &#8211; Pode um ente p\u00fablico ou munic\u00edpio que n\u00e3o esteja em situa\u00e7\u00e3o de emerg\u00eancia ou calamidade p\u00fablica designar seus servidores para prestarem servi\u00e7os em munic\u00edpio atingido?<\/strong><\/span><\/h4>\n<p>Sim, observado o art. 62 da Lei de Responsabilidade Fiscal, que prev\u00ea a autoriza\u00e7\u00e3o na LDO e na LOA, al\u00e9m da exig\u00eancia de conv\u00eanio, acordo, ajuste ou cong\u00eanere, conforme sua legisla\u00e7\u00e3o, bem como fixar o prazo e as atividades a serem desempenhadas.<\/p>\n<h4><span style=\"font-size: 14pt;\"><strong>5.2 &#8211; Pode um ente p\u00fablico n\u00e3o atingido pela calamidade emprestar ve\u00edculos e m\u00e1quinas para utiliza\u00e7\u00e3o por munic\u00edpio atingido?<\/strong><\/span><\/h4>\n<p>Via de regra, os equipamentos pertencentes a determinado ente devem ser empregados em suas finalidades institucionais. Entretanto, em caso de calamidades p\u00fablicas, afigura-se razo\u00e1vel que um ente possa ajudar outro com o empr\u00e9stimo de equipamentos, como ambul\u00e2ncias, tratores, retroescavadeiras, bombas de suc\u00e7\u00e3o, entre outros.<\/p>\n<p>\u00c9 fundamental, entretanto, que o empr\u00e9stimo seja formalizado, com a indica\u00e7\u00e3o dos motivos e que o recebedor do empr\u00e9stimo se responsabilize pelo seu uso e conserva\u00e7\u00e3o e ateste formalmente o seu recebimento, observando, ainda, o art. 62 da Lei de Responsabilidade Fiscal.<\/p>\n<h4><span style=\"font-size: 14pt;\"><strong>5.3 &#8211; Pode um munic\u00edpio n\u00e3o atingido fazer a doa\u00e7\u00e3o de bens como cestas b\u00e1sicas, colch\u00f5es e rem\u00e9dios, entre outros, para munic\u00edpio outro em estado de emerg\u00eancia ou de calamidade p\u00fablica?<\/strong><\/span><\/h4>\n<p>Sim, desde que haja lei autorizando e que seja, tamb\u00e9m, observado o art. 62 da Lei de Responsabilidade Fiscal.[\/vc_column_text][\/vc_column][\/vc_row][vc_row][vc_column][vc_separator color=&#8221;custom&#8221; border_width=&#8221;2&#8243; accent_color=&#8221;#f9db72&#8243;][\/vc_column][\/vc_row][vc_row el_id=&#8221;item-06&#8243; css=&#8221;.vc_custom_1711407835075{padding-top: 30px !important;padding-bottom: 30px !important;}&#8221;][vc_column][vc_column_text]<\/p>\n<h2><span style=\"font-size: 18pt;\"><strong>6 &#8211; Fonte de recursos e Lei de Responsabilidade Fiscal<\/strong><\/span><\/h2>\n<h4><span style=\"font-size: 14pt;\"><strong>6.1 &#8211; O que fazer se for necess\u00e1ria ajuda financeira por parte do governo federal ou estadual?<\/strong><\/span><\/h4>\n<p>Com a edi\u00e7\u00e3o da Lei Federal 12.608\/2012, os requisitos e a documenta\u00e7\u00e3o necess\u00e1rios para a obten\u00e7\u00e3o de recursos federais foram disciplinados Instru\u00e7\u00e3o Normativa 002, de 20\/12\/2016, do extinto Minist\u00e9rio da Integra\u00e7\u00e3o Nacional.<\/p>\n<p>Esta instru\u00e7\u00e3o define o n\u00edvel de intensidade dos desastres e as provid\u00eancias necess\u00e1rias para obter o reconhecimento das situa\u00e7\u00f5es de emerg\u00eancia ou de estado de calamidade p\u00fablica.<\/p>\n<p>O encaminhamento desta documenta\u00e7\u00e3o para a Coordenadoria Estadual de Defesa Civil do Estado do Esp\u00edrito Santo \u00e9 essencial para que haja o reconhecimento da situa\u00e7\u00e3o de anormalidade. Essas orienta\u00e7\u00f5es s\u00e3o importantes para que o munic\u00edpio solicite ajuda financeira junto ao governo do Estado. Mais informa\u00e7\u00f5es podem ser obtidas no s\u00edtio eletr\u00f4nico <strong><a href=\"http:\/\/www.defesacivil.es.gov.br\">http:\/\/www.defesacivil.es.gov.br<\/a><\/strong>.<\/p>\n<p>Para obter ajuda financeira do governo federal, deve-se obter as informa\u00e7\u00f5es no Minist\u00e9rio do Desenvolvimento Regional, no sitio eletr\u00f4nico: mdr.gov.br. Os modelos de formul\u00e1rios a serem preenchidos e o guia de orienta\u00e7\u00f5es podem ser acessados em <a href=\"http:\/\/www.defesacivil.gov.br.\"><strong>http:\/\/www.defesacivil.gov.br.<\/strong><\/a><\/p>\n<p>O art. 6\u00ba da Instru\u00e7\u00e3o Normativa 002\/2016 define a documenta\u00e7\u00e3o necess\u00e1ria:<\/p>\n<p>Art. 6\u00ba. O reconhecimento federal se dar\u00e1 por meio de portaria, mediante requerimento do Chefe do Poder Executivo do Munic\u00edpio, do Estado ou do Distrito Federal afetado pelo desastre.<\/p>\n<p>\u00a7 1\u00ba O requerimento deve explicitar:<\/p>\n<ol style=\"list-style-type: upper-roman;\">\n<li>As raz\u00f5es pelas quais a autoridade do poder executivo municipal ou estadual deseja o reconhecimento;<\/li>\n<li>Necessidade comprovada de aux\u00edlio federal complementar, data e tipo de desastre;<\/li>\n<li>Especifica\u00e7\u00e3o dos benef\u00edcios federais a serem pleiteados para atendimento \u00e0s v\u00edtimas de desastres, conforme disposto em legisla\u00e7\u00e3o;<\/li>\n<li>Deve contemplar a fundamenta\u00e7\u00e3o legal e estar acompanhado dos seguintes documentos:<\/li>\n<\/ol>\n<ol style=\"list-style-type: lower-alpha;\">\n<li>Decreto da SE ou ECP do ente federado solicitante (original ou c\u00f3pia autenticada ou carimbo e assinatura de confere com original);<\/li>\n<li>Formul\u00e1rio de Informa\u00e7\u00f5es do Desastre &#8211; FIDE, conforme o estabelecido no anexo I desta Instru\u00e7\u00e3o Normativa;<\/li>\n<li>Declara\u00e7\u00e3o Municipal de Atua\u00e7\u00e3o Emergencial \u2013 DMATE e\/ou Declara\u00e7\u00e3o Estadual de Atua\u00e7\u00e3o Emergencial &#8211; DEATE, conforme o estabelecido nos anexos II e III desta Instru\u00e7\u00e3o Normativa, demonstrando as medidas e a\u00e7\u00f5es em curso, capacidade de atua\u00e7\u00e3o e recursos humanos, materiais, institucionais e financeiros empregados pelo ente federado afetado para o restabelecimento da normalidade;<\/li>\n<li>Parecer T\u00e9cnico do \u00d3rg\u00e3o Municipal ou do Distrito Federal e, quando solicitado, do \u00d3rg\u00e3o Estadual de Prote\u00e7\u00e3o e Defesa Civil;<\/li>\n<li>Relat\u00f3rio Fotogr\u00e1fico, conforme o estabelecido no anexo IV desta Instru\u00e7\u00e3o Normativa, contendo fotos datadas, legendadas, com boa resolu\u00e7\u00e3o, preferencialmente georreferenciadas e que, obrigatoriamente, demonstrem a rela\u00e7\u00e3o direta com os preju\u00edzos econ\u00f4micos e, quando poss\u00edvel, com os danos declarados;<\/li>\n<li>Outros documentos e registros que comprovem as informa\u00e7\u00f5es declaradas e auxiliem na an\u00e1lise do reconhecimento federal.<\/li>\n<\/ol>\n<p>\u00a7 2\u00ba Os documentos mencionados neste artigo dever\u00e3o ser enviados ao Minist\u00e9rio da Integra\u00e7\u00e3o Nacional, via Sistema Integrado de Informa\u00e7\u00f5es sobre Desastres &#8211; S2ID, conforme o estabelecido na Portaria N. 526, de 06 de setembro de 2012, observados os prazos, procedimentos e crit\u00e9rios estabelecidos pela legisla\u00e7\u00e3o pertinente.<\/p>\n<ol style=\"list-style-type: upper-roman;\">\n<li>No caso de desastres s\u00fabitos &#8211; 15 (quinze) dias da ocorr\u00eancia do desastre;<\/li>\n<li>No caso dos desastres graduais ou de evolu\u00e7\u00e3o cr\u00f4nica -20(vinte) dias contados da data do Decreto do ente federado que declara situa\u00e7\u00e3o anormal.<\/li>\n<\/ol>\n<h4><span style=\"font-size: 14pt;\"><strong>6.2 &#8211; Pode o munic\u00edpio fazer uso da reserva de conting\u00eancia?<\/strong><\/span><\/h4>\n<p>A utiliza\u00e7\u00e3o de cr\u00e9ditos or\u00e7ament\u00e1rios que tenham como fonte de recursos a reserva de conting\u00eancia est\u00e1 restrita, em regra, \u00e0s hip\u00f3teses previstas no art. 5\u00ba, inciso III, da Lei de Responsabilidade Fiscal, quais sejam: cobertura de passivos contingentes e outros riscos e eventos fiscais imprevistos.<\/p>\n<p>S\u00e3o riscos fiscais justamente a possibilidade de ocorr\u00eancia de eventos ou fatos econ\u00f4micos que venham a impactar ou onerar de forma substancial e negativamente as contas p\u00fablicas, tais como a possibilidade de receitas previstas n\u00e3o se realizarem ou a necessidade de execu\u00e7\u00e3o de despesas inicialmente n\u00e3o fixadas, como as decorrentes das opera\u00e7\u00f5es de recupera\u00e7\u00e3o de \u00e1reas atingidas por desastres.<\/p>\n<p>Dessa forma, de acordo com tal dispositivo, a situa\u00e7\u00e3o de emerg\u00eancia ou o estado de calamidade autorizam a utiliza\u00e7\u00e3o da reserva de conting\u00eancia.<\/p>\n<h4><span style=\"font-size: 14pt;\"><strong>6.3 &#8211; \u00c9 permitido ao munic\u00edpio abrir cr\u00e9dito extraordin\u00e1rio?<\/strong><\/span><\/h4>\n<p>Conforme o disposto no artigo 167, \u00a7 3\u00ba, da Constitui\u00e7\u00e3o Federal, a abertura de cr\u00e9dito extraordin\u00e1rio somente ser\u00e1 admitida para cobrir despesas imprevis\u00edveis e urgentes, como as decorrentes de guerra, como\u00e7\u00e3o interna ou calamidade p\u00fablica.<\/p>\n<p>No mesmo sentido segue o artigo 41, inciso III, da Lei 4.320\/1964 que, ao elencar as esp\u00e9cies de cr\u00e9dito adicional, definiu o cr\u00e9dito extraordin\u00e1rio como aquele destinado a despesas urgentes e imprevistas, em caso de guerra, como\u00e7\u00e3o intestina ou calamidade p\u00fablica.<\/p>\n<p>Dessa forma, \u00e9 plenamente poss\u00edvel a abertura de cr\u00e9dito extraordin\u00e1rio para enfrentar os preju\u00edzos decorrentes de situa\u00e7\u00f5es imprevistas que tenham dado origem ao estado de emerg\u00eancia ou de calamidade, observando-se que a abertura dever\u00e1 ocorrer, no caso de Estados e Munic\u00edpios, por meio de decreto do Poder Executivo, que dar\u00e1 imediato conhecimento ao Poder Legislativo, conforme art. 44 da Lei 4.320\/1964.<\/p>\n<h4><span style=\"font-size: 14pt;\"><strong>6.4 &#8211; \u00c9 prevista alguma atenua\u00e7\u00e3o de prazos ou de limites pela Lei de Responsabilidade Fiscal quando reconhecida juridicamente a situa\u00e7\u00e3o de emerg\u00eancia ou de calamidade p\u00fablica?<\/strong><\/span><\/h4>\n<p>De acordo com o artigo 65 da Lei de Responsabilidade Fiscal, quando for reconhecida pela Assembleia Legislativa a ocorr\u00eancia de calamidade p\u00fablica em estado ou munic\u00edpio, enquanto perdurar a situa\u00e7\u00e3o:<\/p>\n<ul>\n<li>ser\u00e3o suspensas a contagem dos prazos e as disposi\u00e7\u00f5es estabelecidas nos artigos 23 e 31;<\/li>\n<li>ser\u00e3o dispensados o atingimento dos resultados fiscais e a limita\u00e7\u00e3o de empenho prevista no art. 9\u00ba.<\/li>\n<\/ul>\n<p>[\/vc_column_text][\/vc_column][\/vc_row][vc_row][vc_column][vc_separator color=&#8221;custom&#8221; border_width=&#8221;2&#8243; accent_color=&#8221;#f9db72&#8243;][\/vc_column][\/vc_row][vc_row el_id=&#8221;item-07&#8243; css=&#8221;.vc_custom_1711407849208{padding-top: 30px !important;padding-bottom: 30px !important;}&#8221;][vc_column][vc_column_text css=&#8221;&#8221;]<\/p>\n<h2><span style=\"font-size: 18pt;\"><strong>7 &#8211; Fiscaliza\u00e7\u00e3o | San\u00e7\u00f5es<\/strong><\/span><\/h2>\n<h4><span style=\"font-size: 14pt;\"><strong>7.1 &#8211; Responsabilidade administrativa<\/strong><\/span><\/h4>\n<p>No desempenho de suas fun\u00e7\u00f5es, o servidor p\u00fablico deve pautar sua conduta nos princ\u00edpios constitucionais relativos \u00e0 administra\u00e7\u00e3o p\u00fablica, que deve ser decorosa, honesta, transparente, respeitada a boa-f\u00e9.<\/p>\n<p>Caso haja o desrespeito a esses ditames, poder\u00e1 o servidor p\u00fablico ser responsabilizado na esfera administrativa, estando sujeito at\u00e9 mesmo \u00e0 pena de demiss\u00e3o do servi\u00e7o p\u00fablico, sem preju\u00edzo das san\u00e7\u00f5es de natureza c\u00edvel ou criminal.<\/p>\n<h4><span style=\"font-size: 14pt;\"><strong>7.2 &#8211; Improbidade administrativa<\/strong><\/span><\/h4>\n<p>De acordo com a Lei 8.429\/1992, constitui ato de improbidade administrativa qualquer a\u00e7\u00e3o que frustre a licitude de processo licitat\u00f3rio ou o dispense indevidamente, estando o respons\u00e1vel sujeito \u00e0s seguintes comina\u00e7\u00f5es, que podem ser aplicadas isolada ou cumulativamente:<\/p>\n<ul>\n<li>ressarcimento integral do dano;<\/li>\n<li>perda dos bens ou valores acrescidos ilicitamente ao patrim\u00f4nio;<\/li>\n<li>perda da fun\u00e7\u00e3o p\u00fablica;<\/li>\n<li>suspens\u00e3o dos direitos pol\u00edticos de cinco a oito anos;<\/li>\n<li>pagamento de multa civil de at\u00e9 tr\u00eas vezes o valor do acr\u00e9scimo patrimonial;<\/li>\n<li>proibi\u00e7\u00e3o de contratar com o poder p\u00fablico ou receber benef\u00edcios ou incentivos fiscais ou credit\u00edcios, direta ou indiretamente, ainda que por interm\u00e9dio de pessoa jur\u00eddica da qual seja s\u00f3cio majorit\u00e1rio, pelo prazo de dez anos.<\/li>\n<\/ul>\n<h4><span style=\"font-size: 14pt;\"><strong>7.3 &#8211; Tomada de contas especial<\/strong><\/span><\/h4>\n<p>Se a conduta do gestor ocasionar dano ao er\u00e1rio, dever\u00e1 ser instaurado o procedimento de tomada de contas especial, cujos objetivos s\u00e3o o de identificar o respons\u00e1vel e quantificar o dano, procedendo ao devido ressarcimento, respeitados, obviamente, os princ\u00edpios do contradit\u00f3rio e da ampla defesa.<\/p>\n<p>Conforme disp\u00f5e a Lei Org\u00e2nica do Tribunal de Contas do Estado do Esp\u00edrito Santo:<br \/>\nArt. 83 &#8211; A autoridade administrativa competente, sob pena de responsabilidade solid\u00e1ria, adotar\u00e1 provid\u00eancias com vistas \u00e0 instaura\u00e7\u00e3o de tomada de contas especial para a apura\u00e7\u00e3o dos fatos, a identifica\u00e7\u00e3o dos respons\u00e1veis e a quantifica\u00e7\u00e3o do dano, quando caracterizadas:<\/p>\n<ol style=\"list-style-type: upper-roman;\">\n<li>omiss\u00e3o do dever de prestar contas;<\/li>\n<li>n\u00e3o comprova\u00e7\u00e3o da aplica\u00e7\u00e3o de recursos repassados pelo Estado ou Munic\u00edpio;<\/li>\n<li>ocorr\u00eancia de desfalque ou desvio de dinheiro, bens ou valores p\u00fablicos;<\/li>\n<li>ocorr\u00eancia de extravio, perda, subtra\u00e7\u00e3o ou deteriora\u00e7\u00e3o culposa ou dolosa de valores e bens;<\/li>\n<li>concess\u00e3o irregular de quaisquer benef\u00edcios fiscais ou de ren\u00fancia de receitas de que resulte dano ao er\u00e1rio;<\/li>\n<li>pr\u00e1tica de qualquer ato ilegal, ileg\u00edtimo, irregular ou antiecon\u00f4mico de que resulte dano ao er\u00e1rio;<\/li>\n<li>outras hip\u00f3teses previstas em lei ou regulamento.<\/li>\n<\/ol>\n<p>\u00a7 1\u00ba No caso de n\u00e3o cumprimento do disposto no caput deste artigo, o Tribunal de Contas determinar\u00e1 a instaura\u00e7\u00e3o da tomada de contas especial, fixando prazo para cumprimento da decis\u00e3o.<\/p>\n<p>Caso o gestor respons\u00e1vel pela instaura\u00e7\u00e3o da tomada de contas especial n\u00e3o o fizer, poder\u00e1 ser solidariamente responsabilizado a ressarcir o er\u00e1rio.<\/p>\n<h4><span style=\"font-size: 14pt;\"><strong>7.4 &#8211; Responsabilidade solid\u00e1ria<\/strong><\/span><\/h4>\n<p>Nos termos do art. 73 da Lei 14.133\/2021, na hip\u00f3tese de contrata\u00e7\u00e3o direta indevida ocorrida com dolo, fraude ou erro grosseiro, o contratado e o agente p\u00fablico respons\u00e1vel responder\u00e3o solidariamente pelo dano causado ao er\u00e1rio, sem preju\u00edzo de outras san\u00e7\u00f5es legais cab\u00edveis.[\/vc_column_text][\/vc_column][\/vc_row][vc_row][vc_column][vc_separator color=&#8221;custom&#8221; border_width=&#8221;2&#8243; accent_color=&#8221;#f9db72&#8243;][\/vc_column][\/vc_row][vc_row el_id=&#8221;item-08&#8243; css=&#8221;.vc_custom_1711476299262{padding-top: 30px !important;padding-bottom: 30px !important;}&#8221;][vc_column][vc_column_text]<\/p>\n<h2><span style=\"font-size: 18pt;\"><strong>8 &#8211; Receitas<\/strong><\/span><\/h2>\n<h4><strong><span style=\"font-size: 14pt;\">8.1 &#8211; Possibilidade de descontos, anistias, isen\u00e7\u00f5es, suspens\u00e3o total de cobran\u00e7a relativos a tributos , remiss\u00f5es ou qualquer benef\u00edcio fiscal<\/span><\/strong><\/h4>\n<p>A regra \u00e9 a cobran\u00e7a de tributos. Excepcionalmente para o gestor deixar de cobrar seus cr\u00e9ditos h\u00e1 necessidade de autoriza\u00e7\u00e3o para ren\u00fancia de tal receita.<\/p>\n<p>A concess\u00e3o de benef\u00edcios fiscais acima configura ren\u00fancia de receita deve observar os regulamentos dos artigos 14 e 65, \u00a71\u00b0, inciso III da LRF, al\u00e9m do art. 113 do ADCT, exigindo encaminhamento de projeto de lei autorizativo ao Legislativo, apresentando a estimativa do impacto or\u00e7ament\u00e1rio financeiro, no ano em que iniciar e nos dois seguintes, a compatibilidade da proposta junto a LDO e indicar uma das medidas alternativas: demonstrar que a ren\u00fancia foi considerada na estimativa da receita da LOA ou acompanhar medidas de compensa\u00e7\u00e3o.<\/p>\n<p>Caso a Assembleia Legislativa reconhe\u00e7a estado de calamidade p\u00fablica, o ente ficar\u00e1 dispensado de apresentar a adequa\u00e7\u00e3o junto a LDO e as medidas alternativas (demonstrar que a ren\u00fancia foi estimada na receita da LOA ou medidas de compensa\u00e7\u00e3o), desde que os recursos sejam destinados ao combate \u00e0 calamidade p\u00fablica. Logo, fica obrigado t\u00e3o somente a indicar a estimativa do impacto or\u00e7ament\u00e1rio e financeiro, sob pena de inconstitucionalidade da norma.<\/p>\n<p>Isen\u00e7\u00e3o fica vedada enquanto esp\u00e9cie de benef\u00edcio para casos de IPTU nos locais onde a legisla\u00e7\u00e3o preveja a ocorr\u00eancia do fato gerador do imposto presumivelmente no primeiro dia do exerc\u00edcio.<\/p>\n<p>Reconhecimento da calamidade p\u00fablica \u00e9 importante a fim de evitar questionamentos quanto ao \u00a710\u00b0 do art.73 da Lei 9504\/1997 em raz\u00e3o das elei\u00e7\u00f5es deste ano.<\/p>\n<h4><strong><span style=\"font-size: 14pt;\">8.2 &#8211; Execu\u00e7\u00f5es Fiscais &#8211; suspens\u00e3o de prazos de cita\u00e7\u00e3o, possibilidade de anistia e o procedimento na esfera administrativa<\/span><\/strong><\/h4>\n<p><strong>\u00a0<\/strong>O munic\u00edpio deve estar atento quanto ao cumprimento do art. 11 da LRF que disp\u00f5e que constituem requisitos essenciais da responsabilidade na gest\u00e3o fiscal a institui\u00e7\u00e3o, previs\u00e3o e efetiva arrecada\u00e7\u00e3o de todos os tributos da compet\u00eancia constitucional do ente da Federa\u00e7\u00e3o.<\/p>\n<p>Pois os prazos prescricionais n\u00e3o ser\u00e3o interrompidos em raz\u00e3o da calamidade que sofreu o munic\u00edpio. Assim, se o munic\u00edpio n\u00e3o tomar as medidas necess\u00e1rias para cobran\u00e7a, h\u00e1 possibilidade de ocorrer prescri\u00e7\u00e3o e, consequentemente, perda de montantes inscrito na d\u00edvida ativa.<\/p>\n<h4><strong><span style=\"font-size: 14pt;\">8.3 &#8211; Possibilidade de prorroga\u00e7\u00f5es de vencimentos de tributos\/e ou parcelamentos<\/span><\/strong><\/h4>\n<p>O vencimento de tributos inclusive o prazo de parcelamentos \u00e9 regulamentado pela legisla\u00e7\u00e3o municipal as quais devem ser observadas e se necess\u00e1rio efetuar as devidas altera\u00e7\u00f5es por lei.[\/vc_column_text][\/vc_column][\/vc_row]<\/p>\n<\/div>","protected":false},"excerpt":{"rendered":"<p>[vc_row][vc_column][vc_custom_heading text=&#8221;Sum\u00e1rio&#8221; font_container=&#8221;tag:h2|font_size:30px|text_align:left|color:%231e73be|line_height:35px&#8221; google_fonts=&#8221;font_family:Quattrocento%20Sans%3Aregular%2Citalic%2C700%2C700italic|font_style:400%20regular%3A400%3Anormal&#8221;][vc_separator color=&#8221;custom&#8221; border_width=&#8221;2&#8243; accent_color=&#8221;#f9db72&#8243;][\/vc_column][\/vc_row][vc_row css=&#8221;.vc_custom_1582059556194{margin-bottom: 50px !important;}&#8221;][vc_column width=&#8221;1\/2&#8243;][vc_btn title=&#8221;Defini\u00e7\u00f5es&#8221; color=&#8221;primary&#8221; align=&#8221;left&#8221; i_align=&#8221;right&#8221;<span class=\"excerpt-hellip\"> [\u2026]<\/span><\/p>\n","protected":false},"author":1,"featured_media":0,"parent":0,"menu_order":0,"comment_status":"closed","ping_status":"closed","template":"","meta":{"_acf_changed":false,"footnotes":""},"class_list":["post-38","page","type-page","status-publish","hentry","wpautop"],"acf":[],"yoast_head":"<title>GUIA B\u00c1SICO - TCEES | Hotsite Chuvas<\/title>\n<meta name=\"robots\" content=\"index, follow, max-snippet:-1, max-image-preview:large, max-video-preview:-1\" \/>\n<link rel=\"canonical\" href=\"https:\/\/www.tcees.tc.br\/chuvas\/guia-basico\/\" \/>\n<meta property=\"og:locale\" content=\"pt_BR\" \/>\n<meta property=\"og:type\" content=\"article\" \/>\n<meta property=\"og:title\" content=\"GUIA B\u00c1SICO - TCEES | Hotsite Chuvas\" \/>\n<meta property=\"og:description\" content=\"[vc_row][vc_column][vc_custom_heading text=&#8221;Sum\u00e1rio&#8221; font_container=&#8221;tag:h2|font_size:30px|text_align:left|color:%231e73be|line_height:35px&#8221; google_fonts=&#8221;font_family:Quattrocento%20Sans%3Aregular%2Citalic%2C700%2C700italic|font_style:400%20regular%3A400%3Anormal&#8221;][vc_separator color=&#8221;custom&#8221; border_width=&#8221;2&#8243; accent_color=&#8221;#f9db72&#8243;][\/vc_column][\/vc_row][vc_row css=&#8221;.vc_custom_1582059556194{margin-bottom: 50px !important;}&#8221;][vc_column width=&#8221;1\/2&#8243;][vc_btn title=&#8221;Defini\u00e7\u00f5es&#8221; color=&#8221;primary&#8221; align=&#8221;left&#8221; i_align=&#8221;right&#8221; [\u2026]\" \/>\n<meta property=\"og:url\" content=\"https:\/\/www.tcees.tc.br\/chuvas\/guia-basico\/\" \/>\n<meta property=\"og:site_name\" content=\"TCEES | Hotsite Chuvas\" \/>\n<meta property=\"article:modified_time\" content=\"2025-01-08T19:21:20+00:00\" \/>\n<meta name=\"twitter:card\" content=\"summary_large_image\" \/>\n<meta name=\"twitter:label1\" content=\"Est. tempo de leitura\" \/>\n\t<meta name=\"twitter:data1\" content=\"21 minutos\" \/>\n<script type=\"application\/ld+json\" class=\"yoast-schema-graph\">{\"@context\":\"https:\/\/schema.org\",\"@graph\":[{\"@type\":\"WebPage\",\"@id\":\"https:\/\/www.tcees.tc.br\/chuvas\/guia-basico\/\",\"url\":\"https:\/\/www.tcees.tc.br\/chuvas\/guia-basico\/\",\"name\":\"GUIA B\u00c1SICO - TCEES | Hotsite Chuvas\",\"isPartOf\":{\"@id\":\"https:\/\/www.tcees.tc.br\/chuvas\/#website\"},\"datePublished\":\"2020-02-18T15:47:39+00:00\",\"dateModified\":\"2025-01-08T19:21:20+00:00\",\"breadcrumb\":{\"@id\":\"https:\/\/www.tcees.tc.br\/chuvas\/guia-basico\/#breadcrumb\"},\"inLanguage\":\"pt-BR\",\"potentialAction\":[{\"@type\":\"ReadAction\",\"target\":[\"https:\/\/www.tcees.tc.br\/chuvas\/guia-basico\/\"]}]},{\"@type\":\"BreadcrumbList\",\"@id\":\"https:\/\/www.tcees.tc.br\/chuvas\/guia-basico\/#breadcrumb\",\"itemListElement\":[{\"@type\":\"ListItem\",\"position\":1,\"name\":\"In\u00edcio\",\"item\":\"https:\/\/www.tcees.tc.br\/chuvas\/\"},{\"@type\":\"ListItem\",\"position\":2,\"name\":\"GUIA B\u00c1SICO\"}]},{\"@type\":\"WebSite\",\"@id\":\"https:\/\/www.tcees.tc.br\/chuvas\/#website\",\"url\":\"https:\/\/www.tcees.tc.br\/chuvas\/\",\"name\":\"TCEES | Hotsite Chuvas\",\"description\":\"Portal TCE-ES\",\"potentialAction\":[{\"@type\":\"SearchAction\",\"target\":{\"@type\":\"EntryPoint\",\"urlTemplate\":\"https:\/\/www.tcees.tc.br\/chuvas\/?s={search_term_string}\"},\"query-input\":{\"@type\":\"PropertyValueSpecification\",\"valueRequired\":true,\"valueName\":\"search_term_string\"}}],\"inLanguage\":\"pt-BR\"}]}<\/script>","yoast_head_json":{"title":"GUIA B\u00c1SICO - TCEES | Hotsite Chuvas","robots":{"index":"index","follow":"follow","max-snippet":"max-snippet:-1","max-image-preview":"max-image-preview:large","max-video-preview":"max-video-preview:-1"},"canonical":"https:\/\/www.tcees.tc.br\/chuvas\/guia-basico\/","og_locale":"pt_BR","og_type":"article","og_title":"GUIA B\u00c1SICO - TCEES | Hotsite Chuvas","og_description":"[vc_row][vc_column][vc_custom_heading text=&#8221;Sum\u00e1rio&#8221; font_container=&#8221;tag:h2|font_size:30px|text_align:left|color:%231e73be|line_height:35px&#8221; google_fonts=&#8221;font_family:Quattrocento%20Sans%3Aregular%2Citalic%2C700%2C700italic|font_style:400%20regular%3A400%3Anormal&#8221;][vc_separator color=&#8221;custom&#8221; border_width=&#8221;2&#8243; accent_color=&#8221;#f9db72&#8243;][\/vc_column][\/vc_row][vc_row css=&#8221;.vc_custom_1582059556194{margin-bottom: 50px !important;}&#8221;][vc_column width=&#8221;1\/2&#8243;][vc_btn title=&#8221;Defini\u00e7\u00f5es&#8221; color=&#8221;primary&#8221; align=&#8221;left&#8221; i_align=&#8221;right&#8221; [\u2026]","og_url":"https:\/\/www.tcees.tc.br\/chuvas\/guia-basico\/","og_site_name":"TCEES | Hotsite Chuvas","article_modified_time":"2025-01-08T19:21:20+00:00","twitter_card":"summary_large_image","twitter_misc":{"Est. tempo de leitura":"21 minutos"},"schema":{"@context":"https:\/\/schema.org","@graph":[{"@type":"WebPage","@id":"https:\/\/www.tcees.tc.br\/chuvas\/guia-basico\/","url":"https:\/\/www.tcees.tc.br\/chuvas\/guia-basico\/","name":"GUIA B\u00c1SICO - TCEES | Hotsite Chuvas","isPartOf":{"@id":"https:\/\/www.tcees.tc.br\/chuvas\/#website"},"datePublished":"2020-02-18T15:47:39+00:00","dateModified":"2025-01-08T19:21:20+00:00","breadcrumb":{"@id":"https:\/\/www.tcees.tc.br\/chuvas\/guia-basico\/#breadcrumb"},"inLanguage":"pt-BR","potentialAction":[{"@type":"ReadAction","target":["https:\/\/www.tcees.tc.br\/chuvas\/guia-basico\/"]}]},{"@type":"BreadcrumbList","@id":"https:\/\/www.tcees.tc.br\/chuvas\/guia-basico\/#breadcrumb","itemListElement":[{"@type":"ListItem","position":1,"name":"In\u00edcio","item":"https:\/\/www.tcees.tc.br\/chuvas\/"},{"@type":"ListItem","position":2,"name":"GUIA B\u00c1SICO"}]},{"@type":"WebSite","@id":"https:\/\/www.tcees.tc.br\/chuvas\/#website","url":"https:\/\/www.tcees.tc.br\/chuvas\/","name":"TCEES | Hotsite Chuvas","description":"Portal TCE-ES","potentialAction":[{"@type":"SearchAction","target":{"@type":"EntryPoint","urlTemplate":"https:\/\/www.tcees.tc.br\/chuvas\/?s={search_term_string}"},"query-input":{"@type":"PropertyValueSpecification","valueRequired":true,"valueName":"search_term_string"}}],"inLanguage":"pt-BR"}]}},"_links":{"self":[{"href":"https:\/\/www.tcees.tc.br\/chuvas\/wp-json\/wp\/v2\/pages\/38","targetHints":{"allow":["GET"]}}],"collection":[{"href":"https:\/\/www.tcees.tc.br\/chuvas\/wp-json\/wp\/v2\/pages"}],"about":[{"href":"https:\/\/www.tcees.tc.br\/chuvas\/wp-json\/wp\/v2\/types\/page"}],"author":[{"embeddable":true,"href":"https:\/\/www.tcees.tc.br\/chuvas\/wp-json\/wp\/v2\/users\/1"}],"replies":[{"embeddable":true,"href":"https:\/\/www.tcees.tc.br\/chuvas\/wp-json\/wp\/v2\/comments?post=38"}],"version-history":[{"count":0,"href":"https:\/\/www.tcees.tc.br\/chuvas\/wp-json\/wp\/v2\/pages\/38\/revisions"}],"wp:attachment":[{"href":"https:\/\/www.tcees.tc.br\/chuvas\/wp-json\/wp\/v2\/media?parent=38"}],"curies":[{"name":"wp","href":"https:\/\/api.w.org\/{rel}","templated":true}]}}