{"id":39,"date":"2020-02-18T12:47:58","date_gmt":"2020-02-18T15:47:58","guid":{"rendered":"http:\/\/localhost\/chuvas\/?page_id=38"},"modified":"2025-01-09T19:27:55","modified_gmt":"2025-01-09T22:27:55","slug":"jurisprudencia","status":"publish","type":"page","link":"https:\/\/www.tcees.tc.br\/chuvas\/jurisprudencia\/","title":{"rendered":"JURISPRUD\u00caNCIA"},"content":{"rendered":"<div class=\"wpb-content-wrapper\"><p>[vc_row][vc_column][vc_custom_heading text=&#8221;Delibera\u00e7\u00f5es Relacionadas \u00e0 Situa\u00e7\u00e3o Emergencial dos Munic\u00edpios&#8221; font_container=&#8221;tag:h2|font_size:30px|text_align:left|color:%231e73be|line_height:35px&#8221; google_fonts=&#8221;font_family:Quattrocento%20Sans%3Aregular%2Citalic%2C700%2C700italic|font_style:400%20regular%3A400%3Anormal&#8221;][vc_separator color=&#8221;custom&#8221; border_width=&#8221;2&#8243; accent_color=&#8221;#f9db72&#8243;][\/vc_column][\/vc_row][vc_row][vc_column][vc_column_text css=&#8221;&#8221;]Trata-se de compilado de decis\u00f5es dispon\u00edveis no sistema\u00a0de Jurisprud\u00eancia Selecionada do Tribunal de Contas do Estado do Esp\u00edrito Santo e dos s\u00edtios eletr\u00f4nicos de jurisprud\u00eancia do\u00a0<a href=\"http:\/\/www.stf.jus.br\/portal\/jurisprudencia\/pesquisarJurisprudencia.asp\">STF<\/a>\u00a0e do\u00a0<a href=\"https:\/\/pesquisa.apps.tcu.gov.br\/#\/pesquisa\/jurisprudencia\">TCU<\/a>, compreendendo as delibera\u00e7\u00f5es originadas do controle e fiscaliza\u00e7\u00e3o de entes em estado de calamidade p\u00fablica ou em situa\u00e7\u00e3o de emerg\u00eancia.[\/vc_column_text][\/vc_column][\/vc_row][vc_row][vc_column][vc_separator border_width=&#8221;2&#8243;][\/vc_column][\/vc_row][vc_row][vc_column][vc_column_text css=&#8221;&#8221;]<\/p>\n<h2><span style=\"font-size: 18pt;\"><strong>REGRAS LICITAT\u00d3RIAS<\/strong><\/span><\/h2>\n<p>\u00c9 importante mencionar que <strong>o TCEES ainda n\u00e3o deliberou sobre o tema \u201ccontrata\u00e7\u00e3o emergencial\u201d sob a vig\u00eancia da Lei Federal n\u00ba 14.133\/2021<\/strong> (Nova Lei de Licita\u00e7\u00f5es e Contratos).<\/p>\n<p>Inobstante, os entendimentos jurisprudenciais reproduzidos abaixo, originados sob a vig\u00eancia da Lei Federal n \u00ba 8.666\/93, devem servir como base de orienta\u00e7\u00e3o aos gestores naquilo que n\u00e3o contrariem a nova lei, eis que est\u00e3o em conson\u00e2ncia com seus dispositivos, em especial os seguintes:<\/p>\n<h4 style=\"text-align: center;\"><strong>CAP\u00cdTULO VIII<\/strong><\/h4>\n<h4 style=\"text-align: center;\"><strong>DA CONTRATA\u00c7\u00c3O DIRETA<\/strong><\/h4>\n<h4 style=\"text-align: center;\"><strong>Se\u00e7\u00e3o I<\/strong><\/h4>\n<h4 style=\"text-align: center;\"><strong>Do Processo de Contrata\u00e7\u00e3o Direta<\/strong><\/h4>\n<p style=\"padding-left: 80px;\">Art. 72. O processo de contrata\u00e7\u00e3o direta, que compreende os casos de inexigibilidade e de dispensa de licita\u00e7\u00e3o, dever\u00e1 ser instru\u00eddo com os seguintes documentos:<\/p>\n<p style=\"padding-left: 80px;\">I &#8211; documento de formaliza\u00e7\u00e3o de demanda e, se for o caso, estudo t\u00e9cnico preliminar, an\u00e1lise de riscos, termo de refer\u00eancia, projeto b\u00e1sico ou projeto executivo;<\/p>\n<p style=\"padding-left: 80px;\">II &#8211; estimativa de despesa, que dever\u00e1 ser calculada na forma estabelecida no\u00a0<a href=\"https:\/\/www.planalto.gov.br\/ccivil_03\/_ato2019-2022\/2021\/lei\/l14133.htm#art23\">art. 23 desta Lei<\/a>;<\/p>\n<p style=\"padding-left: 80px;\">III &#8211; parecer jur\u00eddico e pareceres t\u00e9cnicos, se for o caso, que demonstrem o atendimento dos requisitos exigidos;<\/p>\n<p style=\"padding-left: 80px;\">IV &#8211; demonstra\u00e7\u00e3o da compatibilidade da previs\u00e3o de recursos or\u00e7ament\u00e1rios com o compromisso a ser assumido;<\/p>\n<p style=\"padding-left: 80px;\">V &#8211; comprova\u00e7\u00e3o de que o contratado preenche os requisitos de habilita\u00e7\u00e3o e qualifica\u00e7\u00e3o m\u00ednima necess\u00e1ria;<\/p>\n<p style=\"padding-left: 80px;\">VI &#8211; raz\u00e3o da escolha do contratado;<\/p>\n<p style=\"padding-left: 80px;\">VII &#8211; justificativa de pre\u00e7o;<\/p>\n<p style=\"padding-left: 80px;\">VIII &#8211; autoriza\u00e7\u00e3o da autoridade competente.<\/p>\n<p style=\"padding-left: 80px;\">Par\u00e1grafo \u00fanico. O ato que autoriza a contrata\u00e7\u00e3o direta ou o extrato decorrente do contrato dever\u00e1 ser divulgado e mantido \u00e0 disposi\u00e7\u00e3o do p\u00fablico em s\u00edtio eletr\u00f4nico oficial.<\/p>\n<p style=\"padding-left: 80px;\">Art. 73.<strong>\u00a0<\/strong>Na hip\u00f3tese de contrata\u00e7\u00e3o direta indevida ocorrida com dolo, fraude ou erro grosseiro, o contratado e o agente p\u00fablico respons\u00e1vel responder\u00e3o solidariamente pelo dano causado ao er\u00e1rio, sem preju\u00edzo de outras san\u00e7\u00f5es legais cab\u00edveis.<\/p>\n<p style=\"padding-left: 80px;\">(&#8230;)<\/p>\n<p style=\"padding-left: 80px;\">Art. 75. \u00c9 dispens\u00e1vel a licita\u00e7\u00e3o:<\/p>\n<p style=\"padding-left: 80px;\">VIII &#8211; nos casos de emerg\u00eancia ou de calamidade p\u00fablica, quando caracterizada urg\u00eancia de atendimento de situa\u00e7\u00e3o que possa ocasionar preju\u00edzo ou comprometer a continuidade dos servi\u00e7os p\u00fablicos ou a seguran\u00e7a de pessoas, obras, servi\u00e7os, equipamentos e outros bens, p\u00fablicos ou particulares, e somente para aquisi\u00e7\u00e3o dos bens necess\u00e1rios ao atendimento da situa\u00e7\u00e3o emergencial ou calamitosa e para as parcelas de obras e servi\u00e7os que possam ser conclu\u00eddas no prazo m\u00e1ximo de 1 (um) ano, contado da data de ocorr\u00eancia da emerg\u00eancia ou da calamidade, vedadas a prorroga\u00e7\u00e3o dos respectivos contratos e a recontrata\u00e7\u00e3o de empresa j\u00e1 contratada com base no disposto neste inciso;<\/p>\n<p>No que tange \u00e0 contrata\u00e7\u00e3o direta por dispensa de licita\u00e7\u00e3o para atendimento a situa\u00e7\u00e3o emergencial, \u00e9 poss\u00edvel observar mencionar o\u00a0<strong>Parecer em Consulta 10\/2001<\/strong>, que destaca a\u00a0<u>necessidade da exist\u00eancia de\u00a0<strong>procedimento<\/strong>\u00a0para a referida contrata\u00e7\u00e3o<\/u>, ainda que\u00a0<strong>simplificado<\/strong>\u00a0em rela\u00e7\u00e3o ao procedimento licitat\u00f3rio ordin\u00e1rio. Conforme trecho colacionado abaixo:<\/p>\n<p style=\"padding-left: 80px;\">(\u2026) Deve-se destacar ainda que em termos rigorosos\u00a0<u>\u00e9 incorreto asseverar que a contrata\u00e7\u00e3o direta (sem licita\u00e7\u00e3o) exclui um \u201cprocedimento\u201d<\/u>.\u00a0<u>Os casos de dispensa de licita\u00e7\u00e3o envolvem, na verdade, um procedimento especial e simplificado<\/u>\u00a0para sele\u00e7\u00e3o do contrato mais vantajoso para a Administra\u00e7\u00e3o P\u00fablica, devendo observar os princ\u00edpios fundamentais da atividade administrativa, buscando selecionar a melhor contrata\u00e7\u00e3o poss\u00edvel.\u00a0<strong>O processo de dispensa ou de inexigibilidade ser\u00e1 instru\u00eddo, no que couber, com os seguintes elementos trazido pelo art. 26 da Lei n\u00ba 8.666\/93: caracteriza\u00e7\u00e3o da situa\u00e7\u00e3o que a justifique; raz\u00e3o da escolha do contratado; justificativa do pre\u00e7o; e publica\u00e7\u00e3o como condi\u00e7\u00e3o para efic\u00e1cia dos atos.<\/strong>\u00a0(g.n) (<a href=\"https:\/\/www.tcees.tc.br\/wp-content\/uploads\/2018\/09\/PC_2001_02_20_010.pdf\">Parecer em consulta TC-10\/2001<\/a>. Rel. cons. Umberto Messias de Souza. Deliberado na sess\u00e3o de 22\/2\/2001)<\/p>\n<p>Esse entendimento \u00e9 corroborado pelo Ac\u00f3rd\u00e3o 1192\/2008-Segunda C\u00e2mara do TCU:<\/p>\n<p style=\"padding-left: 80px;\">A dispensa de licita\u00e7\u00e3o por urg\u00eancia na <em>contrata\u00e7\u00e3o<\/em> <strong>exige processo administrativo espec\u00edfico<\/strong>, contendo a demonstra\u00e7\u00e3o da situa\u00e7\u00e3o <em>emergencial,<\/em> a raz\u00e3o da escolha do contratado e a justificativa de pre\u00e7o, exigidos no art. 26 da Lei 8.666\/1993.<\/p>\n<p style=\"padding-left: 80px;\">Ac\u00f3rd\u00e3o 1192\/2008-Primeira C\u00e2mara | Relator: GUILHERME PALMEIRA<\/p>\n<p>Sobre o referido procedimento, o Ac\u00f3rd\u00e3o 913\/2021 do TCEES deliberou no sentido de que <strong>em situa\u00e7\u00f5es de emerg\u00eancia o projeto b\u00e1sico pode ser simplificado<\/strong>, por\u00e9m <u>informa\u00e7\u00f5es t\u00e9cnicas m\u00ednimas relacionadas \u00e0 presta\u00e7\u00e3o do servi\u00e7o devem estar devidamente descritas<\/u>, conforme se vislumbra do respectivo excerto:<\/p>\n<p style=\"padding-left: 80px;\">Trata-se os autos de representa\u00e7\u00e3o, formulada pelo Minist\u00e9rio P\u00fablico Especial de Contas, acerca de poss\u00edveis irregularidades praticadas no \u00e2mbito da Prefeitura Municipal de Santa Teresa, especificamente, pela Secretaria Municipal de Servi\u00e7os Urbanos, ao celebrar o Contrato\u00a0<strong>Emergencial<\/strong>\u00a0de Presta\u00e7\u00e3o de Servi\u00e7os n\u00ba 002\/2014 (&#8230;), tendo por objeto a recupera\u00e7\u00e3o de pavimenta\u00e7\u00e3o (&#8230;).<\/p>\n<p style=\"padding-left: 80px;\">(&#8230;)\u00a02.3) Especifica\u00e7\u00e3o insuficiente do objeto<\/p>\n<p style=\"padding-left: 80px;\">(&#8230;)\u00a0Foi destacado que, em raz\u00e3o da\u00a0<strong>situa\u00e7\u00e3o<\/strong>\u00a0de emerg\u00eancia, n\u00e3o seria cab\u00edvel a exig\u00eancia \u2013 antes do in\u00edcio da recupera\u00e7\u00e3o dos danos \u2013 de todos os projetos especificados conforme a orienta\u00e7\u00e3o t\u00e9cnica IBRAOP OT-01\/2006. Por\u00e9m, no caso em an\u00e1lise, n\u00e3o foi elaborado projeto b\u00e1sico ou qualquer outro elemento t\u00e9cnico que o substitu\u00edsse, nem antes da contrata\u00e7\u00e3o, tampouco no momento do aditivo contratual.<\/p>\n<p style=\"padding-left: 80px;\">(&#8230;)\u00a0Em que pese a possibilidade de simplifica\u00e7\u00e3o do projeto b\u00e1sico em raz\u00e3o da necessidade de atender \u00e0\u00a0<strong>situa\u00e7\u00e3o<\/strong>\u00a0de emerg\u00eancia, algumas informa\u00e7\u00f5es necessariamente deveriam constar nos documentos t\u00e9cnicos que acompanharam a solicita\u00e7\u00e3o da contrata\u00e7\u00e3o, como a rela\u00e7\u00e3o das ruas que seriam atendidas e as respectivas \u00e1reas em m\u00b2 danificadas pelas\u00a0<strong>chuvas<\/strong>.<\/p>\n<p style=\"padding-left: 80px;\">(&#8230;) Pois bem. A fundamenta\u00e7\u00e3o acima deixa claro que houve uma conduta omissa dos gestores, pois por mais que estejamos diante de uma contrata\u00e7\u00e3o\u00a0<strong>emergencial<\/strong>, especifica\u00e7\u00f5es m\u00ednimas deixaram de ser realizadas.<\/p>\n<p style=\"padding-left: 80px;\">(TCE-ES. Controle Externo &gt; Fiscaliza\u00e7\u00e3o &gt; Representa\u00e7\u00e3o. Ac\u00f3rd\u00e3o 00913\/2021-6. Processo 04042\/2015-6. Relator: Luiz Carlos Ciciliotti da Cunha. \u00d3rg\u00e3o Julgador: Ordin\u00e1ria\/2\u00aa C\u00e2mara. Data da sess\u00e3o: 16\/07\/2021, Data da Publica\u00e7\u00e3o no DO-TCES: 26\/07\/2021).<\/p>\n<p>O TCU tamb\u00e9m tem posicionamento admitindo, excepcionalmente, a celebra\u00e7\u00e3o de contratos firmados com suporte em projeto b\u00e1sico que n\u00e3o apresentem todos os elementos exigidos em lei, em casos excepcionais, <strong>com o intuito de afastar risco iminente de dano a pessoas ou a patrim\u00f4nio p\u00fablico ou particular<\/strong>:<\/p>\n<p style=\"padding-left: 80px;\">Mesmo na hip\u00f3tese de <em>contrata\u00e7\u00e3o<\/em> <em>emergencial,<\/em> \u00e9 necess\u00e1ria a elabora\u00e7\u00e3o de projeto b\u00e1sico com todos os elementos indicados no art. 6\u00ba, inciso IX, da Lei 8.666\/1993, em face do disposto no art. 7\u00ba, \u00a7 2\u00ba, inciso II e \u00a7 9\u00ba da mesma Lei. <u>\u00c9 poss\u00edvel admitir a celebra\u00e7\u00e3o de contratos firmados com suporte em projeto b\u00e1sico que n\u00e3o apresentem todos esses elementos, em casos excepcionais, com o intuito de afastar risco iminente de dano a pessoas ou a patrim\u00f4nio p\u00fablico ou particular<\/u>. (g.n)<\/p>\n<p style=\"padding-left: 80px;\">Ac\u00f3rd\u00e3o 3065\/2012-Plen\u00e1rio | Relator: VALMIR CAMPELO<\/p>\n<p style=\"padding-left: 80px;\"><strong>Publicado:<\/strong>\u00a0<a href=\"http:\/\/contas.tcu.gov.br\/sisdoc\/ObterDocumentoSisdoc?codPapelTramitavel=54982484\">Informativo de Licita\u00e7\u00f5es e Contratos n\u00ba 132<\/a><\/p>\n<p>Contudo o procedimento mais c\u00e9lere e simplificado da contrata\u00e7\u00e3o emergencial n\u00e3o exime a Administra\u00e7\u00e3o de <strong>verificar e comprovar que a empresa contratada possui qualifica\u00e7\u00e3o t\u00e9cnica para execu\u00e7\u00e3o dos servi\u00e7os<\/strong>, conforme entendimento do TCU reproduzido abaixo:<\/p>\n<p style=\"padding-left: 80px;\">A <em>contrata\u00e7\u00e3o<\/em> <em>emergencial<\/em> de empresa que n\u00e3o comprovou previamente capacidade t\u00e9cnica para a execu\u00e7\u00e3o do objeto do contrato contraria o disposto no art. 26, par\u00e1grafo \u00fanico, inciso II, da Lei 8.666\/1993.<\/p>\n<p style=\"padding-left: 80px;\">Ac\u00f3rd\u00e3o 4051\/2020-Plen\u00e1rio | Relator: AUGUSTO NARDES<\/p>\n<p style=\"padding-left: 80px;\"><strong>Publicado:<\/strong> <a href=\"http:\/\/contas.tcu.gov.br\/sisdoc\/ObterDocumentoSisdoc?codPapelTramitavel=67054869\">Boletim de Jurisprud\u00eancia n\u00ba 340 de 01\/02\/2021<\/a><\/p>\n<p>Registra-se, tamb\u00e9m, o\u00a0<strong>Parecer em Consulta 24\/2001<\/strong>\u00a0do TCEES, que refor\u00e7a a necessidade de observ\u00e2ncia do <strong>procedimento descrito no art. 26 da Lei Federal n\u00ba 8.666\/93<\/strong> ao se realizar a contrata\u00e7\u00e3o direta, especialmente no que tange \u00e0 verifica\u00e7\u00e3o da\u00a0<u>razoabilidade do pre\u00e7o contratado<\/u>:<\/p>\n<p style=\"padding-left: 80px;\">(\u2026) quanto ao aspecto procedimental, deve-se atentar para o que disp\u00f5e o artigo 26 do mesmo diploma legal, no sentido de que\u00a0<strong>as dispensas de licita\u00e7\u00e3o ser\u00e3o sempre e necessariamente justificadas, e dever\u00e3o ser comunicadas dentro de tr\u00eas dias a autoridade superior, para ratifica\u00e7\u00e3o e publica\u00e7\u00e3o na imprensa oficial, no prazo de cinco dias, como condi\u00e7\u00e3o para efic\u00e1cia dos atos<\/strong>, al\u00e9m da exig\u00eancia estabelecida no par\u00e1grafo \u00fanico do mesmo artigo, de que\u00a0<strong>o processo de dispensa seja instru\u00eddo com a caracteriza\u00e7\u00e3o da situa\u00e7\u00e3o emergencial ou calamitosa que justifique a dispensa, a raz\u00e3o da escolha do fornecedor ou executante e a justificativa do pre\u00e7o<\/strong>.\u00a0<strong>\u00c9 de extrema relev\u00e2ncia para a validade da contrata\u00e7\u00e3o, feita com dispensa de licita\u00e7\u00e3o, a verifica\u00e7\u00e3o da razoabilidade do pre\u00e7o a ser desembolsado pela Administra\u00e7\u00e3o P\u00fablica.<\/strong>\u00a0Mesmo quando se licita, propostas com pre\u00e7os excessivos devem ser desclassificadas, em respeito ao estatu\u00eddo no artigo 48 da Lei Federal de Licita\u00e7\u00f5es.\u00a0<strong>Com muito mais raz\u00e3o h\u00e1 que se estar atento ao pre\u00e7o, pois diante da aus\u00eancia de competi\u00e7\u00e3o amplia-se demasiadamente o risco de superfaturamento, o que, de certo viciaria a contrata\u00e7\u00e3o, e pode conduzir os respons\u00e1veis a responsabiliza\u00e7\u00e3o, inclusive penal<\/strong>. (g.n) (<a href=\"https:\/\/www.tcees.tc.br\/wp-content\/uploads\/2018\/09\/PC_2001_05_03_024.pdf\">Parecer em consulta TC-24\/2001 \u2013 Plen\u00e1rio<\/a>, Rel. Cons. M\u00e1rio Alves Moreira. Deliberado na sess\u00e3o de 08\/05\/2001)<\/p>\n<p>Al\u00e9m disso, as seguintes delibera\u00e7\u00f5es do TCEES refor\u00e7am a necessidade de que sejam <strong>justificados os pre\u00e7os contratados <\/strong>e\u00a0a <strong>raz\u00e3o de escolha do fornecedor ou prestador de servi\u00e7os<\/strong>:<\/p>\n<p style=\"padding-left: 80px;\"><strong>AC\u00d3RD\u00c3O 973\/2019 \u2013 PLEN\u00c1RIO<\/strong><\/p>\n<p style=\"padding-left: 80px;\">(\u2026)1.3.3 \u2013 AUS\u00caNCIA DE JUSTIFICATIVA PARA ESCOLHA DO CONTRATADO (\u2026) Como ensina a doutrina, para que\u00a0<strong>a escolha do contratado cumpra o art. 26, par\u00e1grafo \u00fanico, II, Lei 8.666\/93, \u00e9 preciso caracterizar porque determinado fornecedor ou prestador foi escolhido, em vez de outros poss\u00edveis<\/strong>. (\u2026) H\u00e1 necessidade de motiva\u00e7\u00e3o do ato decis\u00f3rio da Administra\u00e7\u00e3o no tocante tanto \u00e0 presen\u00e7a dos pressupostos para a contrata\u00e7\u00e3o direta quanto ao conte\u00fado da contrata\u00e7\u00e3o propriamente dita.\u00a0<strong>Ao optar por um determinado sujeito, excluindo a contrata\u00e7\u00e3o de terceiros, deve-se indicar os fundamentos da decis\u00e3o<\/strong>. Em todos os casos,\u00a0<strong>atribui\u00e7\u00e3o de compet\u00eancia discricion\u00e1ria n\u00e3o se confunde com libera\u00e7\u00e3o de motiva\u00e7\u00e3o nem autoriza preval\u00eancia de motivos meramente subjetivos<\/strong>. Ali\u00e1s, muito ao contr\u00e1rio,\u00a0<strong>a compet\u00eancia discricion\u00e1ria demanda justificativas muito mais exaustivas e minuciosas do que a pr\u00e1tica de ato vinculado<\/strong>. Com base nas li\u00e7\u00f5es acima,\u00a0<strong>tem-se que era necess\u00e1rio levantar os poss\u00edveis prestadores e fornecedores do munic\u00edpio, escolhendo dentre eles aquele com melhor capacidade de atender prontamente \u00e0 Administra\u00e7\u00e3o e motivando expressamente a escolha<\/strong>. No entanto, o despacho simplesmente aponta um empres\u00e1rio, sem esclarecer se havia outros na regi\u00e3o, o que torna a raz\u00e3o de escolha insuficiente para cumprir a lei. Preterir os demais fornecedores potenciais pode ter afetado o pre\u00e7o da contrata\u00e7\u00e3o, haja vista que eles poderiam ter ofertado pre\u00e7o menor que o cotado. (Ac\u00f3rd\u00e3o TC-973\/2019 \u2013 Plen\u00e1rio. Rel. Cons. Luiz Carlos Ciciliotti da Cunha. Deliberado na sess\u00e3o de 06\/08\/2019)<\/p>\n<p style=\"padding-left: 80px;\"><strong>AC\u00d3RD\u00c3O TC-890\/2014 \u2013 PLEN\u00c1RIO<\/strong><\/p>\n<p style=\"padding-left: 80px;\">(\u2026)1.2 DISPENSA N\u00c3O CARACTERIZADA \u2013 AUS\u00caNCIA DE LICITA\u00c7\u00c3O NA CONTRATA\u00c7\u00c3O DE EMPRESA PRESTADORA DE SERVI\u00c7O (Item 2 da ITI 678\/2009) Base legal: artigos 2\u00ba, 24, inciso IV e 26, \u00a7 \u00fanico da Lei Federal n\u00ba 8.666\/93. (\u2026) Vale ressaltar ainda que\u00a0<strong>a infra\u00e7\u00e3o ao artigo 26, \u00a7 \u00fanico da Lei 8666\/93 se configura n\u00e3o s\u00f3 pela n\u00e3o caracteriza\u00e7\u00e3o de situa\u00e7\u00e3o emergencial ou calamitosa, mas tamb\u00e9m pela aus\u00eancia da raz\u00e3o de escolha da executante dos servi\u00e7os bem como da aus\u00eancia de justificativa para os pre\u00e7os contratados<\/strong>, cabendo assim, esclarecimentos por parte do ordenador de despesas, acerca dos fatos relatados, sob pena de infra\u00e7\u00e3o aos artigos 2\u00ba (Aus\u00eancia de Licita\u00e7\u00e3o) e 26, \u00a7 \u00fanico da Lei 8666\/93. (\u2026) Disp\u00f5e a Lei n\u00ba 8.666\/1993, art. 24, inc. IV, in verbis: (\u2026)\u00a0<strong>Esse dispositivo tem sido com alguma frequ\u00eancia, mal interpretado, devido ao fato de que na pr\u00e1tica, vem-se desprezando um ou alguns dos requisitos ou utilizando-se de uma exegese ampliadora dos seus limites. Objetivamente constituem requisitos para a validade da contrata\u00e7\u00e3o direta autorizada por esse inciso a situa\u00e7\u00e3o emergencial ou calamitosa, urg\u00eancia de atendimento, risco e contrata\u00e7\u00e3o direta como meio adequado para afastar o risco. Al\u00e9m desses requisitos, \u00e9 imperioso ressaltar que mesmo para a contrata\u00e7\u00e3o por emerg\u00eancia ou calamidade p\u00fablica \u00e9 necess\u00e1rio justificar o pre\u00e7o, \u00e0 vista do art. 26, par\u00e1grafo \u00fanico, inciso III, da Lei de Licita\u00e7\u00f5es e Contratos, mantendo-se a coer\u00eancia em rela\u00e7\u00e3o \u00e0 situa\u00e7\u00e3o e ao contrato firmado<\/strong>. Analisando o caso em tela, o defendente justifica (fl. 162) a \u201csitua\u00e7\u00e3o de emerg\u00eancia\u201d como quest\u00e3o grave de sa\u00fade p\u00fablica, o que de fato \u00e9 constatado, mas n\u00e3o preenche os demais requisitos previstos em Lei. (\u2026) Assim, opina-se pela manuten\u00e7\u00e3o da irregularidade. (Ac\u00f3rd\u00e3o TC-890\/2014 \u2013 Plen\u00e1rio. Rel. Cons. Sebasti\u00e3o Carlos Ranna de Macedo. Deliberado na sess\u00e3o de 21\/10\/2014)<\/p>\n<p style=\"padding-left: 80px;\"><strong>AC\u00d3RD\u00c3O TC 317\/2019 \u2013 PRIMEIRA C\u00c2MARA<\/strong><\/p>\n<p style=\"padding-left: 80px;\">(\u2026)3.3. AUS\u00caNCIA DE JUSTIFICATIVA DO PRE\u00c7O E DA RAZ\u00c3O DA ESCOLHA DO FORNECEDOR OU EXECUTANTE (\u2026)Como se vislumbra, foi apontado na exordial citat\u00f3ria que a Prefeitura Municipal de Domingos Martins, no exerc\u00edcio de 2013, n\u00e3o realizou pesquisa de pre\u00e7o de mercado para embasar as contrata\u00e7\u00f5es diretas emergenciais por dispensa de licita\u00e7\u00e3o efetuadas com base em decretos emergenciais, contrariando o disposto no art. 26, par\u00e1grafo \u00fanico, III da Lei 8.666\/93, no sentido de que todos os procedimentos licitat\u00f3rios, inclusive os procedimentos de dispensa e inexigibilidade de licita\u00e7\u00e3o, devem ser embasados por pr\u00e9via pesquisa dos pre\u00e7os de mercado, consistente na obten\u00e7\u00e3o, no m\u00ednimo, de 3 (tr\u00eas) or\u00e7amentos perante fornecedores distintos.(\u2026) Ap\u00f3s essas considera\u00e7\u00f5es podemos concluir que quando o assunto \u00e9 inexigibilidade de licita\u00e7\u00e3o,\u00a0<strong>a compatibilidade do pre\u00e7o contratado deve ser comprovada no processo atrav\u00e9s de contratos firmados anteriormente com a Administra\u00e7\u00e3o ou por meio de contratos firmados com outros particulares<\/strong>. (\u2026)\u00a0<strong>Essa justificativa do pre\u00e7o pode ser demonstrada com a apresenta\u00e7\u00e3o de notas fiscais emitidas, preferencialmente, para outros entes p\u00fablicos, comprovando a economia de escala e repercuss\u00e3o tribut\u00e1ria<\/strong>. Assim ressalta-se que\u00a0<strong>a \u201cescolha do fornecedor\u201d e a \u201cjustificativa do pre\u00e7o\u201d dever\u00e3o ser analisadas concomitantemente para o \u00eaxito da fundamenta\u00e7\u00e3o<\/strong>. (Ac\u00f3rd\u00e3o TC-317\/2019 \u2013 Primeira C\u00e2mara. Rel. Cons. Sebasti\u00e3o Carlos Ranna de Macedo. Deliberado na sess\u00e3o de 27\/03\/2019)<\/p>\n<p style=\"padding-left: 80px;\"><strong>AC\u00d3RD\u00c3O TC 211\/2018-SEGUNDA C\u00c2MARA<\/strong><\/p>\n<p style=\"padding-left: 80px;\">Trata-se de Auditoria Especial realizada no Munic\u00edpio de Fund\u00e3o, originada em representa\u00e7\u00e3o do Minist\u00e9rio P\u00fablico Estadual acerca de supostas irregularidades em licita\u00e7\u00f5es e contratos para reformas em escolas municipais no exerc\u00edcio de 2009. (\u2026) VOTO VISTA DO EXMO. SR. CONSELHEIRO S\u00c9RGIO MANOEL NADER BORGES: (\u2026) II.2.2 \u2013 AUS\u00caNCIA DE JUSTIFICATIVA PARA ESCOLHA DO CONTRATADO: (\u2026)\u00a0<strong>Em qualquer contrata\u00e7\u00e3o efetuada com dispensa de licita\u00e7\u00e3o, imprescind\u00edvel que se observe, com rigor, o disposto no art. 26 da Lei n\u00ba 8.666\/93, de modo que sejam devidamente justificados os motivos da escolha do fornecedor ou executante e os pre\u00e7os pactuados, pois o processo de contrata\u00e7\u00e3o, seja direta ou mediante licita\u00e7\u00e3o, se desenvolve por fases<\/strong>, de modo que os antecedentes preparam os elementos a serem considerados posteriormente. (Ac\u00f3rd\u00e3o TC-211\/2018 \u2013 Segunda C\u00e2mara. Rel. Cons. Jo\u00e3o Luiz Cotta Lovatti. Deliberado na sess\u00e3o de 07\/03\/2018)<\/p>\n<p style=\"padding-left: 80px;\">Por fim, sobre\u00a0<strong>a caracteriza\u00e7\u00e3o da situa\u00e7\u00e3o emergencial que justifique a dispensa da licita\u00e7\u00e3o<\/strong>, com a demonstra\u00e7\u00e3o do\u00a0<strong>nexo entre o objeto contratado e a necessidade p\u00fablica emergencial<\/strong>, \u00e9 poss\u00edvel citar entendimento do\u00a0<strong>Ac\u00f3rd\u00e3o TC-1451\/2019 da Primeira C\u00e2mara<\/strong>, que tratou da contrata\u00e7\u00e3o emergencial de transporte para agentes de sa\u00fade em \u00e1reas afetadas por enchentes:<\/p>\n<p style=\"padding-left: 80px;\">(\u2026)\u00a0<strong>N\u00e3o basta a decreta\u00e7\u00e3o do estado de emerg\u00eancia para justificar a\u00a0contrata\u00e7\u00e3o\u00a0com dispensa de licita\u00e7\u00e3o, sendo necess\u00e1ria, antes, a demonstra\u00e7\u00e3o de nexo entre o objeto a ser\u00a0contratado e uma necessidade p\u00fablica de car\u00e1ter\u00a0emergencial<\/strong>, que n\u00e3o poderia se sujeitar a um processo formal de licita\u00e7\u00e3o; indispens\u00e1vel, ainda assim, a\u00a0justificativa\u00a0de escolha do fornecedor e do\u00a0pre\u00e7o.\u00a0<strong>N\u00e3o demonstrado o nexo entre a\u00a0contrata\u00e7\u00e3o\u00a0e a situa\u00e7\u00e3o\u00a0emergencial, assim como a necessidade p\u00fablica\u00a0emergencial, n\u00e3o se justifica a dispensa de licita\u00e7\u00e3o<\/strong>, que \u00e9 a regra geral, sendo a dispensa exce\u00e7\u00e3o legal s\u00f3 admitida nas hip\u00f3teses que a lei autoriza, devidamente caracterizadas. (g.n) (Ac\u00f3rd\u00e3o TC-1451\/2019 \u2013 Primeira C\u00e2mara, Rel. Cons. Sebasti\u00e3o Carlos Ranna de Macedo. Deliberado na sess\u00e3o de 23\/10\/2019)<\/p>\n<p>Os <strong>Ac\u00f3rd\u00e3os 039\/2023 e 1451\/2019<\/strong> do TCEES e o <strong>Ac\u00f3rd\u00e3o 2504\/2016<\/strong> do TCU esclarecem que <strong>a decreta\u00e7\u00e3o de estado de emerg\u00eancia n\u00e3o \u00e9 causa suficiente para justificar a contrata\u00e7\u00e3o direta por dispensa de licita\u00e7\u00e3o<\/strong>, sendo <u>necess\u00e1ria a demonstra\u00e7\u00e3o de nexo entre o objeto a ser contratado e a necessidade p\u00fablica de car\u00e1ter emergencial<\/u>:<\/p>\n<p style=\"padding-left: 80px;\"><strong>\u00a0<\/strong>[Contrata\u00e7\u00e3o direta. Dispensa de licita\u00e7\u00e3o. Contrata\u00e7\u00e3o emergencial. Justificativa]<\/p>\n<p style=\"padding-left: 80px;\"><strong>Ac\u00f3rd\u00e3o 00039\/2023-2<\/strong><\/p>\n<p style=\"padding-left: 80px;\"><strong>Enunciado:<\/strong> A decreta\u00e7\u00e3o de estado de emerg\u00eancia, por si s\u00f3, n\u00e3o justifica a contrata\u00e7\u00e3o direta por dispensa de licita\u00e7\u00e3o. \u00c9 imprescind\u00edvel demonstrar o nexo entre o objeto contratado e a necessidade p\u00fablica emergencial, al\u00e9m de apresentar justificativas adequadas quanto \u00e0 escolha do fornecedor, ao pre\u00e7o praticado e \u00e0 descri\u00e7\u00e3o do objeto e da necessidade a ser atendida<\/p>\n<p style=\"padding-left: 80px;\">Este processo trata de Tomada de Contas Especial convertida a partir de Fiscaliza\u00e7\u00e3o Ordin\u00e1ria realizada na Prefeitura de Ecoporanga, relativa ao exerc\u00edcio de 2013 (&#8230;).<\/p>\n<p style=\"padding-left: 80px;\">(&#8230;) 2.1.1. Fuga ao procedimento licitat\u00f3rio legal em preju\u00edzo ao cotejo dos pre\u00e7os e da concorr\u00eancia. Utiliza\u00e7\u00e3o de modalidade ilegal de licita\u00e7\u00e3o<\/p>\n<p style=\"padding-left: 80px;\">(&#8230;) De acordo com a ITI, embora o Parecer da assessoria jur\u00eddica (&#8230;) afirme terem sido cumpridos os requisitos legais e estar caracterizada a situa\u00e7\u00e3o emergencial, n\u00e3o foram justificados a escolha do fornecedor e o pre\u00e7o; n\u00e3o foi realizada pr\u00e9via pesquisa de pre\u00e7os e n\u00e3o h\u00e1 o detalhamento e a descri\u00e7\u00e3o adequada do objeto;<\/p>\n<p style=\"padding-left: 80px;\">(&#8230;) N\u00e3o se pode presumir aquilo que deveria ser justificado. \u00c9 poss\u00edvel, considerando os dados trazidos pela auditoria, que houvesse sim uma necessidade p\u00fablica na \u00e1rea de sa\u00fade a justificar a contrata\u00e7\u00e3o emergencial de transporte para agentes da sa\u00fade nas \u00e1reas afetadas pela enchente.<\/p>\n<p style=\"padding-left: 80px;\">Era imprescind\u00edvel, no entanto, uma adequada justificativa com estimativa de tempo e quilometragem bem como a descri\u00e7\u00e3o exata da necessidade a ser atendida.<\/p>\n<p style=\"padding-left: 80px;\">N\u00e3o basta a decreta\u00e7\u00e3o do estado de emerg\u00eancia para justificar a contrata\u00e7\u00e3o com dispensa de licita\u00e7\u00e3o, sendo necess\u00e1ria, antes, a demonstra\u00e7\u00e3o de nexo entre o objeto a ser contratado e uma necessidade p\u00fablica de car\u00e1ter emergencial, que n\u00e3o poderia se sujeitar a um processo formal de licita\u00e7\u00e3o; indispens\u00e1vel, ainda assim, a justificativa de escolha do fornecedor e do pre\u00e7o.<\/p>\n<p style=\"padding-left: 80px;\">(TCE-ES. Controle Externo &gt; Contas &gt; Tomada de Contas Especial &gt; Convertida. Ac\u00f3rd\u00e3o 00039\/2023-2. Processo 01974\/2014-7. Relator: Sebasti\u00e3o Carlos Ranna de Macedo. \u00d3rg\u00e3o Julgador: Ordin\u00e1ria\/1\u00aa C\u00e2mara. Data da sess\u00e3o: 03\/02\/2023, Data da Publica\u00e7\u00e3o no DO-TCES: 13\/02\/2023).<\/p>\n<p style=\"padding-left: 80px;\"><strong>[Contrata\u00e7\u00e3o direta. Contrata\u00e7\u00e3o\u00a0emergencial. Emerg\u00eancia.\u00a0Dispensa de licita\u00e7\u00e3o. Justificativa]<\/strong><\/p>\n<p style=\"padding-left: 80px;\">AC\u00d3RD\u00c3O 1451\/2019\u00a0\u2013 PRIMEIRA C\u00c2MARA<\/p>\n<p style=\"padding-left: 80px;\">Este processo trata de Tomada de Contas Especial convertida a partir de Fiscaliza\u00e7\u00e3o Ordin\u00e1ria realizada na Prefeitura de Ecoporanga, relativa ao exerc\u00edcio de 2013, sob responsabilidade do Senhor (&#8230;) e outros, em que o Relat\u00f3rio de Auditoria Ordin\u00e1ria RA-O 90\/2014-4 apontou ind\u00edcios de irregularidades com dano ao er\u00e1rio.<\/p>\n<p style=\"padding-left: 80px;\">(&#8230;)\u00a02.1.1. Fuga ao procedimento licitat\u00f3rio legal em preju\u00edzo ao cotejo dos pre\u00e7os e da concorr\u00eancia. Utiliza\u00e7\u00e3o de modalidade ilegal de licita\u00e7\u00e3o<\/p>\n<p style=\"padding-left: 80px;\">(&#8230;) \u00c9 poss\u00edvel, considerando os dados trazidos pela auditoria, que houvesse sim uma necessidade p\u00fablica na \u00e1rea de sa\u00fade a justificar a contrata\u00e7\u00e3o\u00a0<strong>emergencial<\/strong>\u00a0de transporte para agentes da sa\u00fade nas \u00e1reas afetadas pela enchente.<\/p>\n<p style=\"padding-left: 80px;\">Era imprescind\u00edvel, no entanto, uma adequada justificativa com estimativa de tempo e quilometragem bem como a descri\u00e7\u00e3o exata da necessidade a ser atendida.<\/p>\n<p style=\"padding-left: 80px;\">N\u00e3o basta a decreta\u00e7\u00e3o do estado de emerg\u00eancia para justificar a contrata\u00e7\u00e3o com dispensa de licita\u00e7\u00e3o, sendo necess\u00e1ria, antes, a demonstra\u00e7\u00e3o de nexo entre o objeto a ser contratado e uma necessidade p\u00fablica de car\u00e1ter\u00a0<strong>emergencial<\/strong>, que n\u00e3o poderia se sujeitar a um processo formal de licita\u00e7\u00e3o; indispens\u00e1vel, ainda assim, a justificativa de escolha do fornecedor e do pre\u00e7o.<\/p>\n<p style=\"padding-left: 80px;\">N\u00e3o demonstrado o nexo entre a contrata\u00e7\u00e3o e a\u00a0<strong>situa\u00e7\u00e3o<\/strong>\u00a0<strong>emergencial<\/strong>, assim como a necessidade p\u00fablica\u00a0<strong>emergencial<\/strong>, n\u00e3o se justifica a dispensa de licita\u00e7\u00e3o, que \u00e9 a regra geral, sendo a dispensa exce\u00e7\u00e3o legal s\u00f3 admitida nas hip\u00f3teses que a lei autoriza, devidamente caracterizadas.<\/p>\n<p style=\"padding-left: 80px;\">Mantenho, portanto, a irregularidade.<\/p>\n<p style=\"padding-left: 80px;\">(TCE-ES. Controle Externo &gt; Contas &gt; Tomada de Contas Especial &gt; Convertida. Ac\u00f3rd\u00e3o 01451\/2019-8. Processo 01974\/2014-7. Relator: Sebasti\u00e3o Carlos Ranna de Macedo. \u00d3rg\u00e3o Julgador: Ordin\u00e1ria\/1\u00aa C\u00e2mara. Data da sess\u00e3o: 23\/10\/2019, Data da Publica\u00e7\u00e3o no DO-TCES: 16\/12\/2019).<\/p>\n<p>[\/vc_column_text][\/vc_column][\/vc_row][vc_row][vc_column][vc_separator border_width=&#8221;2&#8243;][\/vc_column][\/vc_row][vc_row][vc_column][vc_column_text css=&#8221;&#8221;]A mera exist\u00eancia de decreto municipal declarando a situa\u00e7\u00e3o do munic\u00edpio como <em>emergencial<\/em> n\u00e3o \u00e9 suficiente para justificar a <em>contrata\u00e7\u00e3o<\/em> por dispensa de licita\u00e7\u00e3o com fundamento no art. 24, inciso IV, da Lei 8.666\/1993, devendo-se verificar se os fatos relacionados \u00e0 <em>contrata\u00e7\u00e3o<\/em> amoldam-se \u00e0 hip\u00f3tese de dispensa prevista na lei.<\/p>\n<p>Ac\u00f3rd\u00e3o 2504\/2016-Plen\u00e1rio | Relator: BRUNO DANTAS<\/p>\n<p><strong>Publicado:<\/strong><\/p>\n<ul>\n<li><a href=\"http:\/\/contas.tcu.gov.br\/sisdoc\/ObterDocumentoSisdoc?codPapelTramitavel=56455532\">Informativo de Licita\u00e7\u00f5es e Contratos n\u00ba 305 de 18\/10\/2016<\/a><\/li>\n<li><a href=\"http:\/\/contas.tcu.gov.br\/sisdoc\/ObterDocumentoSisdoc?codPapelTramitavel=56448247\">Boletim de Jurisprud\u00eancia n\u00ba 146 de 17\/10\/2016<\/a><\/li>\n<\/ul>\n<p>Por fim, merece men\u00e7\u00e3o entendimento do TCU, segundo o qual a <em>contrata\u00e7\u00e3o<\/em> direta <em>emergencial,<\/em> fundamentada no art. 24, inciso IV, da Lei 8.666\/1993, deve se restringir \u00e0 <strong>parcela m\u00ednima necess\u00e1ria para afastar a concretiza\u00e7\u00e3o do dano ou a perda dos servi\u00e7os executados<\/strong>, <u>devendo a solu\u00e7\u00e3o definitiva, conforme o caso, ser objeto de licita\u00e7\u00e3o formal<\/u> (Ac\u00f3rd\u00e3o 6439\/2015-Primeira C\u00e2mara | Relator: AUGUSTO SHERMAN).<\/p>\n<p>Como consequ\u00eancia disso, <strong>o contrato <\/strong><strong>emergencial<\/strong><strong> deve conter expressa cl\u00e1usula resolutiva que estabele\u00e7a a sua extin\u00e7\u00e3o logo ap\u00f3s a conclus\u00e3o do processo licitat\u00f3rio para nova <\/strong><strong>contrata\u00e7\u00e3o<\/strong><strong> dos correspondentes servi\u00e7os<\/strong>, quando for o caso. (Ac\u00f3rd\u00e3o 3474\/2018-Segunda C\u00e2mara | Relator: ANDR\u00c9 DE CARVALHO)<\/p>\n<p>Essa \u00e9 a linha de entendimento adotada por esta Corte de Contas, conforme o seguinte julgado:<\/p>\n<p style=\"padding-left: 80px;\">[Contrata\u00e7\u00e3o direta. Dispensa de licita\u00e7\u00e3o. Contrata\u00e7\u00e3o emergencial. Prazo. Vig\u00eancia. Rescis\u00e3o contratual]<\/p>\n<p style=\"padding-left: 80px;\"><strong>Decis\u00e3o 03201\/2023-6<\/strong><\/p>\n<p style=\"padding-left: 80px;\"><strong>Enunciado:<\/strong> A contrata\u00e7\u00e3o emergencial por dispensa de licita\u00e7\u00e3o, prevista no art. 24, inciso IV, da Lei 8.666\/93, deve se limitar ao per\u00edodo necess\u00e1rio para afastar eventuais danos ou preju\u00edzos ao interesse p\u00fablico, sendo a regular a vincula\u00e7\u00e3o da vig\u00eancia do contrato \u00e0 conclus\u00e3o do procedimento licitat\u00f3rio correspondente<\/p>\n<p style=\"padding-left: 80px;\">Versam os presentes autos sobre expediente apresentado pela sociedade empres\u00e1ria (&#8230;), com pedido de medida cautelar, em face da Prefeitura Municipal de S\u00e3o Gabriel da Palha, relativo ao Chamamento P\u00fablico N\u00ba 001\/2023, cujo objeto \u00e9 a sele\u00e7\u00e3o de organiza\u00e7\u00e3o da sociedade civil para gerenciamento e execu\u00e7\u00e3o de servi\u00e7os de urg\u00eancia e emerg\u00eancia ambulatorial hospitalar, ortop\u00e9dica e cirurgia eletiva para a Prefeitura de S\u00e3o Gabriel.<\/p>\n<p style=\"padding-left: 80px;\">(&#8230;)\u00a02 FUNDAMENTA\u00c7\u00c3O<\/p>\n<p style=\"padding-left: 80px;\">(&#8230;)\u00a0a Cl\u00e1usula Primeira do contrato administrativo n\u00ba 065\/2023 (&#8230;)\u00a0estabelece, claramente, que o objeto contratual visava a presta\u00e7\u00e3o de servi\u00e7os em sa\u00fade de urg\u00eancia\u00a0e emerg\u00eancia ambulatorial e hospitalar, entre outros objetivos, de forma\u00a0<strong>EMERGENCIAL<\/strong>.<\/p>\n<p style=\"padding-left: 80px;\">Significa assentar que o fundamento para a contrata\u00e7\u00e3o estava enquadrado no art. 24, inciso IV, da Lei Federal n\u00ba 8.666\/93 (&#8230;).<\/p>\n<p style=\"padding-left: 80px;\">(&#8230;) os ac\u00f3rd\u00e3os do Tribunal de Contas da Uni\u00e3o orientam que a contrata\u00e7\u00e3o\u00a0<strong>emergencial<\/strong>\u00a0deva limitar-se ao per\u00edodo necess\u00e1rio para afastar eventuais danos ou preju\u00edzos ao interesse p\u00fablico, sendo necess\u00e1rio a corre\u00e7\u00e3o dos problemas atrav\u00e9s do procedimento licitat\u00f3rio. E assim foi feito.<\/p>\n<p style=\"padding-left: 80px;\">O Munic\u00edpio de S\u00e3o Gabriel da Palha\/ES (&#8230;) mediante a Cl\u00e1usula D\u00e9cima Segunda, vinculou a vig\u00eancia do contrato n\u00ba 065\/2023 at\u00e9 180 (cento e oitenta) dias ou at\u00e9 a conclus\u00e3o do chamamento p\u00fablico (&#8230;).<\/p>\n<p style=\"padding-left: 80px;\">Frise-se, portanto, que a Organiza\u00e7\u00e3o Social (&#8230;) ora representante, tinha pr\u00e9vio conhecimento de que se encontrava em andamento um chamamento p\u00fablico e de que a vig\u00eancia do contrato\u00a0<strong>emergencial<\/strong>\u00a0findar-se-ia t\u00e3o logo fosse conclu\u00eddo o chamamento p\u00fablico. Portanto, o contrato seguiu as diretrizes do Tribunal de Contas da Uni\u00e3o, n\u00e3o violando qualquer dispositivo legal.<\/p>\n<p style=\"padding-left: 80px;\">A contratada, ora representante, conhecedora das cl\u00e1usulas contratuais, n\u00e3o se op\u00f4s \u00e0 assinatura do contrato. (&#8230;).<\/p>\n<p style=\"padding-left: 80px;\">(&#8230;) Portanto, n\u00e3o h\u00e1 que se falar em viola\u00e7\u00e3o do princ\u00edpio da n\u00e3o surpresa. Ora, surpresa foi a Organiza\u00e7\u00e3o (&#8230;),\u00a0contratada\u00a0<strong>emergencialmente<\/strong>\u00a0pelo Munic\u00edpio de S\u00e3o Gabriel da Palha, n\u00e3o ter participado do processo de chamamento p\u00fablico, levando, inexoravelmente, o entendimento de que n\u00e3o tinha mais interesse em efetuar um novo contrato com o Munic\u00edpio.<\/p>\n<p style=\"padding-left: 80px;\">(&#8230;)\u00a0Quanto \u00e0 possibilidade de qualquer eventual preju\u00edzo pleiteado pela Representante, ocorrido em virtude da rescis\u00e3o dos contratos de trabalho, em que pese entender que essa\u00a0<strong>situa\u00e7\u00e3o<\/strong>\u00a0j\u00e1 era do conhecimento da Representante e os custos j\u00e1 deveriam estar contidos na sua proposta, \u00e9 importante ressaltar que essa Corte de Contas n\u00e3o tem como papel amparar direito subjetivo particular. Sendo assim, caso entenda configurado preju\u00edzo pr\u00f3prio, a Representante deve recorrer a outras instancias para satisfazer o seu pretenso direito.<\/p>\n<p style=\"padding-left: 80px;\">(TCE-ES. Controle Externo &gt; Fiscaliza\u00e7\u00e3o &gt; Representa\u00e7\u00e3o. Decis\u00e3o 03201\/2023-6. Processo 05949\/2023-5. Relator: Sebasti\u00e3o Carlos Ranna de Macedo. \u00d3rg\u00e3o Julgador: Ordin\u00e1ria\/1\u00aa C\u00e2mara. Data da sess\u00e3o: 10\/11\/2023, Data da Publica\u00e7\u00e3o no DO-TCES: 16\/11\/2023).<\/p>\n<h2><span style=\"font-size: 18pt;\"><strong>ABERTURA DE CR\u00c9DITOS EXTRAORDIN\u00c1RIOS<\/strong><\/span><\/h2>\n<p>Sobre o tema do presente t\u00f3pico, o Tribunal de Contas da Uni\u00e3o, por meio do\u00a0<strong>Ac\u00f3rd\u00e3o 2184\/2017- Plen\u00e1rio<\/strong>, apresentou entendimento, aplic\u00e1vel por analogia \u00e0 realidade dos munic\u00edpios, pela possibilidade de abertura de cr\u00e9dito adicional extraordin\u00e1rio para atendimento a\u00a0<strong>despesas que se caracterizam pela imprevisibilidade e urg\u00eancia<\/strong>, como aquelas decorrentes de situa\u00e7\u00e3o de\u00a0<strong>calamidade p\u00fablica<\/strong>:<\/p>\n<p style=\"padding-left: 80px;\">A abertura de cr\u00e9dito extraordin\u00e1rio por meio de medidas provis\u00f3rias se destina a despesas que preencham os requisitos de\u00a0<strong>imprevisibilidade e urg\u00eancia<\/strong>\u00a0delimitados semanticamente pelo texto constitucional como equipar\u00e1veis \u00e0s existentes em situa\u00e7\u00f5es decorrentes de guerra, como\u00e7\u00e3o interna ou\u00a0<strong>calamidade p\u00fablica<\/strong>, conforme estabelecido no art. 167, \u00a7 3\u00ba, da Constitui\u00e7\u00e3o Federal. Em situa\u00e7\u00f5es de elevado impacto social que n\u00e3o se enquadrem naquelas caracterizadas no referido dispositivo constitucional, devem ser buscadas outras alternativas de remanejamento or\u00e7ament\u00e1rio, observados os preceitos constitucionais e legais aplic\u00e1veis. (<a href=\"https:\/\/pesquisa.apps.tcu.gov.br\/#\/documento\/resposta-consulta\/calamidade\/%2520\/score%2520desc%252C%2520COLEGIADO%2520asc%252C%2520ANOACORDAO%2520desc%252C%2520NUMACORDAO%2520desc\/0\/sinonimos%253Dtrue?uuid=1f815180-473c-11ea-8fb7-0b3203c854af\"><strong>Ac\u00f3rd\u00e3o 2184\/2017-Plen\u00e1rio<\/strong><\/a>. Data da sess\u00e3o 04\/10\/2017. Relator Ana Arraes. Tipo do processo Consulta)<\/p>\n<p style=\"padding-left: 80px;\">\u00c9 cab\u00edvel a abertura de <em>cr\u00e9ditos<\/em> <em>extraordin\u00e1rios<\/em> destinados a a\u00e7\u00f5es de socorro, assist\u00eancia \u00e0s v\u00edtimas, restabelecimento de servi\u00e7os essenciais e recupera\u00e7\u00e3o dos cen\u00e1rios de desastres, desde que atendidos os requisitos da medida provis\u00f3ria, a serem avaliados pelo Congresso Nacional, quanto \u00e0 relev\u00e2ncia e urg\u00eancia, e os requisitos da despesa quanto \u00e0 imprevisibilidade e \u00e0 urg\u00eancia (art. 62, \u00a7 1\u00ba, inciso I, al\u00ednea d, c\/c o art. 167, \u00a7 3\u00ba, da Constitui\u00e7\u00e3o Federal) . (Ac\u00f3rd\u00e3o 1863\/2016-Plen\u00e1rio, relator: BRUNO DANTAS)<\/p>\n<p>O Supremo Tribunal Federal, por sua vez, asseverou a necessidade de atendimento aos requisitos constitucionais da\u00a0<strong>urg\u00eancia<\/strong>\u00a0e da\u00a0<strong>imprevisibilidade\u00a0<\/strong>para abertura de cr\u00e9dito extraordin\u00e1rio, por meio da Medida Cautelar da ADI 4049- DF, conforme o disposto no art. 167, \u00a73\u00ba, da Constitui\u00e7\u00e3o da Rep\u00fablica:<\/p>\n<p style=\"padding-left: 80px;\">EMENTA: CONSTITUCIONAL. MEDIDA CAUTELAR EM A\u00c7\u00c3O DIRETA DE INCONSTITUCIONALIDADE. MEDIDA PROVIS\u00d3RIA N\u00ba 402, DE 23 DE NOVEMBRO DE 2007, CONVERTIDA NA LEI N\u00ba 11.656, DE 16 DE ABRIL DE 2008. ABERTURA DE CR\u00c9DITO EXTRAORDIN\u00c1RIO. AUS\u00caNCIA DOS REQUISITOS CONSTITUCIONAIS DA IMPREVISIBILIDADE E DA URG\u00caNCIA (\u00a7 3\u00ba DO ART. 167 DA CF), CONCOMITANTEMENTE. (\u2026) 4. A abertura de cr\u00e9dito extraordin\u00e1rio para pagamento de despesas de simples custeio e investimentos triviais, que evidentemente n\u00e3o se caracterizam pela\u00a0<strong>imprevisibilidade e urg\u00eancia<\/strong>, viola o \u00a7 3\u00ba do art. 167 da Constitui\u00e7\u00e3o Federal. Viola\u00e7\u00e3o que alcan\u00e7a o inciso V do mesmo artigo, na medida em que o ato normativo adversado vem a categorizar como de natureza extraordin\u00e1ria cr\u00e9dito que, em verdade, n\u00e3o passa de especial, ou suplementar. 5. Medida cautelar deferida.\u00a0(<a href=\"http:\/\/portal.stf.jus.br\/processos\/detalhe.asp?incidente=2602441\"><strong>ADI 4049 MC\/DF<\/strong><\/a>. Relatora:\u00a0 Min. Carlos Britto. Julgamento:\u00a0 05\/11\/2008. \u00d3rg\u00e3o Julgador:\u00a0 Tribunal Pleno.\u00a0Publicado em 08\/05\/2009)<\/p>\n<h2><span style=\"font-size: 18pt;\"><strong>REGRAS DE CONTRATA\u00c7\u00c3O DE PESSOAL PARA ATENDIMENTO A NECESSIDADE TEMPOR\u00c1RIA DE EXCEPCIONAL INTERESSE P\u00daBLICO<\/strong><\/span><\/h2>\n<p>No que diz respeito \u00e0 contrata\u00e7\u00e3o tempor\u00e1ria de pessoal, esta Corte de Contas j\u00e1 exarou posicionamento atrav\u00e9s do\u00a0<strong>Ac\u00f3rd\u00e3o TC-1050\/2017-Plen\u00e1rio<\/strong>, que discorre acerca dos requisitos constitucionais para realiza\u00e7\u00e3o de contrata\u00e7\u00e3o tempor\u00e1ria objetivando ao atendimento de situa\u00e7\u00e3o de excepcional interesse p\u00fablico, conforme segue:<\/p>\n<p style=\"padding-left: 80px;\">(\u2026) Dentre outras, a hip\u00f3tese do art. 37, IX, da CF \u00e9 uma exce\u00e7\u00e3o \u00e0 regra do concurso p\u00fablico obrigat\u00f3rio, onde obrigatoriamente dever\u00e3o ser atendidas as seguintes condi\u00e7\u00f5es:\u00a0<strong>a) previs\u00e3o em lei dos cargos; b) tempo determinado; c) necessidade\u00a0tempor\u00e1ria\u00a0de interesse p\u00fablico; d) interesse p\u00fablico excepcional<\/strong>, conforme orienta\u00e7\u00e3o do STF na aprecia\u00e7\u00e3o da ADI n\u00ba 2.229, ADI n\u00ba 3.430 e ADI n\u00ba 3116, dentre outras.\u00a0<strong>Quanto \u00e0 express\u00e3o \u201cexcepcional interesse p\u00fablico\u201d, a Administra\u00e7\u00e3o, amparada na lei em vigor, s\u00f3 pode efetuar essa\u00a0contrata\u00e7\u00e3o tempor\u00e1ria\u00a0quando o interesse p\u00fablico for excepcional e para atender os interesses da popula\u00e7\u00e3o, a fim de que os cidad\u00e3os n\u00e3o se vejam prejudicados em seu \u00e2mbito material ou moral pelas situa\u00e7\u00f5es excepcionais<\/strong>, portanto, n\u00e3o ordin\u00e1rias, as quais devem ser\u00a0tempor\u00e1rias, atendendo os princ\u00edpios da razoabilidade e da moralidade.\u00a0<strong>As necessidades que n\u00e3o se enquadrem estritamente no conceito de excepcionalidade e transitoriedade s\u00e3o insuficientes para legitimar a\u00a0contrata\u00e7\u00e3o\u00a0a que se refere o dispositivo constitucional.\u00a0<\/strong>Portanto, conforme entendimento do STF, conclui-se que o conte\u00fado jur\u00eddico do Art. 37, inciso IX, da Constitui\u00e7\u00e3o Federal,\u00a0<strong>para que seja considerada v\u00e1lida a\u00a0contrata\u00e7\u00e3o\u00a0tempor\u00e1ria, \u00e9 preciso que: a) os casos excepcionais estejam previstos em lei; b) o prazo de\u00a0contrata\u00e7\u00e3o\u00a0seja predeterminado; c) a necessidade seja\u00a0tempor\u00e1ria; d) o interesse p\u00fablico seja excepcional; e) a\u00a0contrata\u00e7\u00e3o\u00a0seja indispens\u00e1vel, sendo vedada a\u00a0contrata\u00e7\u00e3o\u00a0para os servi\u00e7os ordin\u00e1rios, permanentes do Estado que estejam sob o espectro das conting\u00eancias normais da Administra\u00e7\u00e3o<\/strong>. (g.n) ( Ac\u00f3rd\u00e3o TC-1050\/2017 \u2013 Plen\u00e1rio. Rel. Cons. Jo\u00e3o Luiz Cotta Lovatti. Deliberado na sess\u00e3o de 15\/08\/2017)<\/p>\n<p>[\/vc_column_text][\/vc_column][\/vc_row]<\/p>\n<\/div>","protected":false},"excerpt":{"rendered":"<p>[vc_row][vc_column][vc_custom_heading text=&#8221;Delibera\u00e7\u00f5es Relacionadas \u00e0 Situa\u00e7\u00e3o Emergencial dos Munic\u00edpios&#8221; font_container=&#8221;tag:h2|font_size:30px|text_align:left|color:%231e73be|line_height:35px&#8221; google_fonts=&#8221;font_family:Quattrocento%20Sans%3Aregular%2Citalic%2C700%2C700italic|font_style:400%20regular%3A400%3Anormal&#8221;][vc_separator color=&#8221;custom&#8221; border_width=&#8221;2&#8243; accent_color=&#8221;#f9db72&#8243;][\/vc_column][\/vc_row][vc_row][vc_column][vc_column_text css=&#8221;&#8221;]Trata-se de<span class=\"excerpt-hellip\"> [\u2026]<\/span><\/p>\n","protected":false},"author":1,"featured_media":0,"parent":0,"menu_order":0,"comment_status":"closed","ping_status":"closed","template":"","meta":{"_acf_changed":false,"footnotes":""},"class_list":["post-39","page","type-page","status-publish","hentry","wpautop"],"acf":[],"yoast_head":"<title>JURISPRUD\u00caNCIA - TCEES | Hotsite Chuvas<\/title>\n<meta name=\"robots\" content=\"index, follow, max-snippet:-1, max-image-preview:large, max-video-preview:-1\" \/>\n<link rel=\"canonical\" href=\"https:\/\/www.tcees.tc.br\/chuvas\/jurisprudencia\/\" \/>\n<meta property=\"og:locale\" content=\"pt_BR\" \/>\n<meta property=\"og:type\" content=\"article\" \/>\n<meta property=\"og:title\" content=\"JURISPRUD\u00caNCIA - TCEES | Hotsite Chuvas\" \/>\n<meta property=\"og:description\" content=\"[vc_row][vc_column][vc_custom_heading text=&#8221;Delibera\u00e7\u00f5es Relacionadas \u00e0 Situa\u00e7\u00e3o Emergencial dos Munic\u00edpios&#8221; font_container=&#8221;tag:h2|font_size:30px|text_align:left|color:%231e73be|line_height:35px&#8221; google_fonts=&#8221;font_family:Quattrocento%20Sans%3Aregular%2Citalic%2C700%2C700italic|font_style:400%20regular%3A400%3Anormal&#8221;][vc_separator color=&#8221;custom&#8221; border_width=&#8221;2&#8243; accent_color=&#8221;#f9db72&#8243;][\/vc_column][\/vc_row][vc_row][vc_column][vc_column_text css=&#8221;&#8221;]Trata-se de [\u2026]\" \/>\n<meta property=\"og:url\" content=\"https:\/\/www.tcees.tc.br\/chuvas\/jurisprudencia\/\" \/>\n<meta property=\"og:site_name\" content=\"TCEES | Hotsite Chuvas\" \/>\n<meta property=\"article:modified_time\" content=\"2025-01-09T22:27:55+00:00\" \/>\n<meta name=\"twitter:card\" content=\"summary_large_image\" \/>\n<meta name=\"twitter:label1\" content=\"Est. tempo de leitura\" \/>\n\t<meta name=\"twitter:data1\" content=\"27 minutos\" \/>\n<script type=\"application\/ld+json\" class=\"yoast-schema-graph\">{\"@context\":\"https:\/\/schema.org\",\"@graph\":[{\"@type\":\"WebPage\",\"@id\":\"https:\/\/www.tcees.tc.br\/chuvas\/jurisprudencia\/\",\"url\":\"https:\/\/www.tcees.tc.br\/chuvas\/jurisprudencia\/\",\"name\":\"JURISPRUD\u00caNCIA - TCEES | Hotsite Chuvas\",\"isPartOf\":{\"@id\":\"https:\/\/www.tcees.tc.br\/chuvas\/#website\"},\"datePublished\":\"2020-02-18T15:47:58+00:00\",\"dateModified\":\"2025-01-09T22:27:55+00:00\",\"breadcrumb\":{\"@id\":\"https:\/\/www.tcees.tc.br\/chuvas\/jurisprudencia\/#breadcrumb\"},\"inLanguage\":\"pt-BR\",\"potentialAction\":[{\"@type\":\"ReadAction\",\"target\":[\"https:\/\/www.tcees.tc.br\/chuvas\/jurisprudencia\/\"]}]},{\"@type\":\"BreadcrumbList\",\"@id\":\"https:\/\/www.tcees.tc.br\/chuvas\/jurisprudencia\/#breadcrumb\",\"itemListElement\":[{\"@type\":\"ListItem\",\"position\":1,\"name\":\"In\u00edcio\",\"item\":\"https:\/\/www.tcees.tc.br\/chuvas\/\"},{\"@type\":\"ListItem\",\"position\":2,\"name\":\"JURISPRUD\u00caNCIA\"}]},{\"@type\":\"WebSite\",\"@id\":\"https:\/\/www.tcees.tc.br\/chuvas\/#website\",\"url\":\"https:\/\/www.tcees.tc.br\/chuvas\/\",\"name\":\"TCEES | Hotsite Chuvas\",\"description\":\"Portal TCE-ES\",\"potentialAction\":[{\"@type\":\"SearchAction\",\"target\":{\"@type\":\"EntryPoint\",\"urlTemplate\":\"https:\/\/www.tcees.tc.br\/chuvas\/?s={search_term_string}\"},\"query-input\":{\"@type\":\"PropertyValueSpecification\",\"valueRequired\":true,\"valueName\":\"search_term_string\"}}],\"inLanguage\":\"pt-BR\"}]}<\/script>","yoast_head_json":{"title":"JURISPRUD\u00caNCIA - TCEES | Hotsite Chuvas","robots":{"index":"index","follow":"follow","max-snippet":"max-snippet:-1","max-image-preview":"max-image-preview:large","max-video-preview":"max-video-preview:-1"},"canonical":"https:\/\/www.tcees.tc.br\/chuvas\/jurisprudencia\/","og_locale":"pt_BR","og_type":"article","og_title":"JURISPRUD\u00caNCIA - TCEES | Hotsite Chuvas","og_description":"[vc_row][vc_column][vc_custom_heading text=&#8221;Delibera\u00e7\u00f5es Relacionadas \u00e0 Situa\u00e7\u00e3o Emergencial dos Munic\u00edpios&#8221; font_container=&#8221;tag:h2|font_size:30px|text_align:left|color:%231e73be|line_height:35px&#8221; google_fonts=&#8221;font_family:Quattrocento%20Sans%3Aregular%2Citalic%2C700%2C700italic|font_style:400%20regular%3A400%3Anormal&#8221;][vc_separator color=&#8221;custom&#8221; border_width=&#8221;2&#8243; accent_color=&#8221;#f9db72&#8243;][\/vc_column][\/vc_row][vc_row][vc_column][vc_column_text css=&#8221;&#8221;]Trata-se de [\u2026]","og_url":"https:\/\/www.tcees.tc.br\/chuvas\/jurisprudencia\/","og_site_name":"TCEES | Hotsite Chuvas","article_modified_time":"2025-01-09T22:27:55+00:00","twitter_card":"summary_large_image","twitter_misc":{"Est. tempo de leitura":"27 minutos"},"schema":{"@context":"https:\/\/schema.org","@graph":[{"@type":"WebPage","@id":"https:\/\/www.tcees.tc.br\/chuvas\/jurisprudencia\/","url":"https:\/\/www.tcees.tc.br\/chuvas\/jurisprudencia\/","name":"JURISPRUD\u00caNCIA - TCEES | Hotsite Chuvas","isPartOf":{"@id":"https:\/\/www.tcees.tc.br\/chuvas\/#website"},"datePublished":"2020-02-18T15:47:58+00:00","dateModified":"2025-01-09T22:27:55+00:00","breadcrumb":{"@id":"https:\/\/www.tcees.tc.br\/chuvas\/jurisprudencia\/#breadcrumb"},"inLanguage":"pt-BR","potentialAction":[{"@type":"ReadAction","target":["https:\/\/www.tcees.tc.br\/chuvas\/jurisprudencia\/"]}]},{"@type":"BreadcrumbList","@id":"https:\/\/www.tcees.tc.br\/chuvas\/jurisprudencia\/#breadcrumb","itemListElement":[{"@type":"ListItem","position":1,"name":"In\u00edcio","item":"https:\/\/www.tcees.tc.br\/chuvas\/"},{"@type":"ListItem","position":2,"name":"JURISPRUD\u00caNCIA"}]},{"@type":"WebSite","@id":"https:\/\/www.tcees.tc.br\/chuvas\/#website","url":"https:\/\/www.tcees.tc.br\/chuvas\/","name":"TCEES | Hotsite Chuvas","description":"Portal TCE-ES","potentialAction":[{"@type":"SearchAction","target":{"@type":"EntryPoint","urlTemplate":"https:\/\/www.tcees.tc.br\/chuvas\/?s={search_term_string}"},"query-input":{"@type":"PropertyValueSpecification","valueRequired":true,"valueName":"search_term_string"}}],"inLanguage":"pt-BR"}]}},"_links":{"self":[{"href":"https:\/\/www.tcees.tc.br\/chuvas\/wp-json\/wp\/v2\/pages\/39","targetHints":{"allow":["GET"]}}],"collection":[{"href":"https:\/\/www.tcees.tc.br\/chuvas\/wp-json\/wp\/v2\/pages"}],"about":[{"href":"https:\/\/www.tcees.tc.br\/chuvas\/wp-json\/wp\/v2\/types\/page"}],"author":[{"embeddable":true,"href":"https:\/\/www.tcees.tc.br\/chuvas\/wp-json\/wp\/v2\/users\/1"}],"replies":[{"embeddable":true,"href":"https:\/\/www.tcees.tc.br\/chuvas\/wp-json\/wp\/v2\/comments?post=39"}],"version-history":[{"count":0,"href":"https:\/\/www.tcees.tc.br\/chuvas\/wp-json\/wp\/v2\/pages\/39\/revisions"}],"wp:attachment":[{"href":"https:\/\/www.tcees.tc.br\/chuvas\/wp-json\/wp\/v2\/media?parent=39"}],"curies":[{"name":"wp","href":"https:\/\/api.w.org\/{rel}","templated":true}]}}