{"id":32,"date":"2020-02-18T12:47:08","date_gmt":"2020-02-18T15:47:08","guid":{"rendered":"http:\/\/localhost\/chuvas\/?page_id=32"},"modified":"2025-07-07T16:22:09","modified_gmt":"2025-07-07T19:22:09","slug":"home","status":"publish","type":"page","link":"https:\/\/www.tcees.tc.br\/contasdegovernoestado\/","title":{"rendered":"HOME"},"content":{"rendered":"<div class=\"wpb-content-wrapper\"><p>[vc_section full_width=&#8221;stretch_row&#8221; css=&#8221;.vc_custom_1597424745610{padding-top: 50px !important;background-color: #f4f4f4 !important;background-position: 0 0 !important;background-repeat: repeat !important;}&#8221;][vc_row full_width=&#8221;stretch_row&#8221; css=&#8221;.vc_custom_1597424680167{background-color: #f4f4f4 !important;}&#8221;][vc_column width=&#8221;1\/3&#8243;][vc_single_image image=&#8221;930&#8243; img_size=&#8221;full&#8221; css=&#8221;.vc_custom_1751915448755{margin-bottom: 0px !important;}&#8221;][vc_column_text css=&#8221;&#8221;]Conjuntura econ\u00f4mica prevalecente no pa\u00eds e no mundo, bem como as principais vari\u00e1veis das finan\u00e7as p\u00fablicas que impactaram a gest\u00e3o financeira e or\u00e7ament\u00e1ria do Estado.[\/vc_column_text][vc_btn title=&#8221;LEIA MAIS AQUI&#8221; color=&#8221;primary&#8221; i_align=&#8221;right&#8221; i_icon_fontawesome=&#8221;fas fa-angle-right&#8221; css=&#8221;&#8221; add_icon=&#8221;true&#8221; link=&#8221;url:https%3A%2F%2Fwww.tcees.tc.br%2Fcontasdegovernoestado%2Forcamento-e-financas%2F|title:RECEITAS%20E%20DESPESAS&#8221;][\/vc_column][vc_column width=&#8221;1\/3&#8243;][vc_single_image image=&#8221;931&#8243; img_size=&#8221;full&#8221; css=&#8221;.vc_custom_1751915461494{margin-bottom: 0px !important;}&#8221;][vc_column_text css=&#8221;&#8221;]<span class=\"TextRun SCXW130275971 BCX0\" lang=\"PT-BR\" xml:lang=\"PT-BR\" data-contrast=\"none\"><span class=\"NormalTextRun SCXW130275971 BCX0\">Resultados e discuss\u00f5es acerca do Fundo Financeiro e Fundo Previdenci\u00e1rio, que comp\u00f5em o ES-Previd\u00eancia, al\u00e9m de destaques sobre o Fundo dos Militares.<\/span><\/span>[\/vc_column_text][vc_btn title=&#8221;LEIA MAIS AQUI&#8221; color=&#8221;primary&#8221; i_align=&#8221;right&#8221; i_icon_fontawesome=&#8221;fas fa-angle-right&#8221; css=&#8221;&#8221; add_icon=&#8221;true&#8221; link=&#8221;url:https%3A%2F%2Fwww.tcees.tc.br%2Fcontasdegovernoestado%2Fprevidencia%2F|title:PREVID%C3%8ANCIA&#8221;][\/vc_column][vc_column width=&#8221;1\/3&#8243;][vc_single_image image=&#8221;933&#8243; img_size=&#8221;full&#8221; css=&#8221;.vc_custom_1751915476603{margin-bottom: 0px !important;}&#8221;][vc_column_text css=&#8221;&#8221;]<span class=\"TextRun SCXW194023760 BCX0\" lang=\"PT-BR\" xml:lang=\"PT-BR\" data-contrast=\"none\"><span class=\"NormalTextRun SCXW194023760 BCX0\">Apresenta a verifica\u00e7\u00e3o da conformidade da gest\u00e3o fiscal, cumprimento dos limites constitucionais de sa\u00fade e educa\u00e7\u00e3o e dos par\u00e2metros e limites da LRF, entre outros.<\/span><\/span>[\/vc_column_text][vc_btn title=&#8221;LEIA MAIS AQUI&#8221; color=&#8221;primary&#8221; i_align=&#8221;right&#8221; i_icon_fontawesome=&#8221;fas fa-angle-right&#8221; css=&#8221;&#8221; add_icon=&#8221;true&#8221; link=&#8221;url:https%3A%2F%2Fwww.tcees.tc.br%2Fcontasdegovernoestado%2Friscos%2F|title:RISCOS&#8221;][\/vc_column][\/vc_row][vc_row][vc_column offset=&#8221;vc_hidden-xs&#8221;][vc_separator color=&#8221;custom&#8221; accent_color=&#8221;#f9db72&#8243;][\/vc_column][\/vc_row][vc_row full_width=&#8221;stretch_row&#8221; bg_type=&#8221;bg_color&#8221; bg_color_value=&#8221;#f4f4f4&#8243;][vc_column width=&#8221;1\/3&#8243;][vc_single_image image=&#8221;935&#8243; img_size=&#8221;full&#8221; css=&#8221;.vc_custom_1751915500570{margin-bottom: 0px !important;}&#8221;][vc_column_text css=&#8221;&#8221;]<span data-contrast=\"none\">Na Agenda ESG, o E vem de <em>Environmental<\/em>, comumente traduzido como Sustentabilidade Ambiental. Veja informa\u00e7\u00f5es dessa dimens\u00e3o fiscalizadas em 2024.<\/span>[\/vc_column_text][vc_btn title=&#8221;LEIA MAIS AQUI&#8221; color=&#8221;primary&#8221; i_align=&#8221;right&#8221; i_icon_fontawesome=&#8221;fas fa-angle-right&#8221; css=&#8221;&#8221; add_icon=&#8221;true&#8221; link=&#8221;url:https%3A%2F%2Fwww.tcees.tc.br%2Fcontasdegovernoestado%2Ffiscalizacoes%2F|title:LIMITES&#8221;][\/vc_column][vc_column width=&#8221;1\/3&#8243;][vc_single_image image=&#8221;936&#8243; img_size=&#8221;full&#8221; css=&#8221;.vc_custom_1751915513230{margin-bottom: 0px !important;}&#8221;][vc_column_text css=&#8221;&#8221;]Na Agenda ESG, o S vem de <em><span class=\"TextRun SCXW142077482 BCX0\" lang=\"PT-BR\" xml:lang=\"PT-BR\" data-contrast=\"auto\"><span class=\"NormalTextRun SCXW142077482 BCX0\">Social<\/span><\/span><\/em><span class=\"TextRun SCXW142077482 BCX0\" lang=\"PT-BR\" xml:lang=\"PT-BR\" data-contrast=\"auto\"><span class=\"NormalTextRun SCXW142077482 BCX0\">, que aborda assuntos relacionados \u00e0 Responsabilidade Social. Neste t\u00f3pico, voc\u00ea encontra: educa\u00e7\u00e3o, sa\u00fade, seguran\u00e7a e assist\u00eancia social.<\/span><\/span>[\/vc_column_text][vc_btn title=&#8221;LEIA MAIS AQUI&#8221; color=&#8221;primary&#8221; i_align=&#8221;right&#8221; i_icon_fontawesome=&#8221;fas fa-angle-right&#8221; css=&#8221;&#8221; add_icon=&#8221;true&#8221; link=&#8221;url:https%3A%2F%2Fwww.tcees.tc.br%2Fcontasdegovernoestado%2Fpoliticas-publicas%2F|title:EDUCA%C3%87%C3%83O&#8221;][\/vc_column][vc_column width=&#8221;1\/3&#8243;][vc_single_image image=&#8221;937&#8243; img_size=&#8221;full&#8221; css=&#8221;.vc_custom_1751915552879{margin-bottom: 0px !important;}&#8221;][vc_column_text css=&#8221;&#8221;]Na Agenda ESG, o G vem de <em>Governance<\/em>, ou Governan\u00e7a, na tradu\u00e7\u00e3o para portugu\u00eas. Auditoria trabalhou tr\u00eas quest\u00f5es, em especial pontos da nova Lei de Licita\u00e7\u00f5es e Contratos.[\/vc_column_text][vc_btn title=&#8221;LEIA MAIS AQUI&#8221; color=&#8221;primary&#8221; i_align=&#8221;right&#8221; i_icon_fontawesome=&#8221;fas fa-angle-right&#8221; css=&#8221;&#8221; add_icon=&#8221;true&#8221; link=&#8221;url:https%3A%2F%2Fwww.tcees.tc.br%2Fcontasdegovernoestado%2Fmeio-ambiente%2F|title:PANDEMIA&#8221;][\/vc_column][\/vc_row][vc_row][vc_column][\/vc_column][\/vc_row][\/vc_section][vc_section css=&#8221;.vc_custom_1597777309003{margin-bottom: 0px !important;}&#8221;][vc_row][vc_column][vc_custom_heading text=&#8221;APROVA\u00c7\u00c3O&#8221; font_container=&#8221;tag:h2|font_size:30px|text_align:left|color:%231e73be|line_height:45px&#8221; google_fonts=&#8221;font_family:Quattrocento%20Sans%3Aregular%2Citalic%2C700%2C700italic|font_style:400%20regular%3A400%3Anormal&#8221; css=&#8221;&#8221;][vc_separator color=&#8221;custom&#8221; accent_color=&#8221;#f9db72&#8243;][\/vc_column][vc_column][\/vc_column][\/vc_row][vc_row][vc_column width=&#8221;1\/2&#8243;][vc_single_image image=&#8221;832&#8243; img_size=&#8221;full&#8221; style=&#8221;vc_box_border&#8221; css=&#8221;&#8221;][\/vc_column][vc_column width=&#8221;1\/2&#8243;][vc_column_text css=&#8221;&#8221;]Os conselheiros do Tribunal de Contas do Estado do Esp\u00edrito Santo (TCE-ES) recomendaram a <strong>aprova\u00e7\u00e3o das contas de 2024<\/strong> do governador Renato Casagrande. A sess\u00e3o para aprecia\u00e7\u00e3o da presta\u00e7\u00e3o de contas anual (PCA) foi realizada na tarde do dia 8 de julho e o voto do relator, conselheiro Rodrigo Coelho do Carmo, foi seguido por todos os membros da Corte. A partir desta an\u00e1lise do Plen\u00e1rio, o TCE-ES emite um Parecer Pr\u00e9vio sobre a presta\u00e7\u00e3o de contas, que \u00e9 encaminhado \u00e0 Assembleia Legislativa, a quem cabe o julgamento das contas. Nele, tamb\u00e9m constam 3 recomenda\u00e7\u00f5es e 12 ci\u00eancias na forma de alerta ao governo do Estado.<\/p>\n<p>Por meio deste hotsite, o Tribunal de Contas do Estado do Esp\u00edrito Santo (TCE-ES) busca apresentar para a sociedade, em linguagem clara e acess\u00edvel, os principais pontos do Parecer Pr\u00e9vio da Presta\u00e7\u00e3o de Contas Anual do governo do Estado referente ao exerc\u00edcio de 2024. Os entendimentos contidos no Parecer Pr\u00e9vio tamb\u00e9m orientam os agentes na gest\u00e3o p\u00fablica, ao passo que auxiliam na converg\u00eancia de suas a\u00e7\u00f5es, que devem ser embasadas nos princ\u00edpios fundamentais da contabilidade. Com a medida, a Corte reafirma seu compromisso com a transpar\u00eancia e divulga\u00e7\u00e3o de informa\u00e7\u00f5es de interesse p\u00fablico, movida por princ\u00edpios que priorizam a comunica\u00e7\u00e3o intelig\u00edvel, objetiva e tempestiva.[\/vc_column_text][\/vc_column][\/vc_row][\/vc_section][vc_row disable_element=&#8221;yes&#8221;][vc_column][vc_btn title=&#8221;ACESSO AO PARECER PR\u00c9VIO&#8221; color=&#8221;primary&#8221; align=&#8221;center&#8221; i_align=&#8221;right&#8221; i_icon_fontawesome=&#8221;fas fa-angle-right&#8221; css=&#8221;&#8221; add_icon=&#8221;true&#8221; link=&#8221;url:https%3A%2F%2Fwww.tcees.tc.br%2Fconsultas%2Fcontas-do-governador%2F%3FanoExercicio%3D2023|title:EDUCA%C3%87%C3%83O&#8221;][\/vc_column][\/vc_row]<\/p>\n<\/div>","protected":false},"excerpt":{"rendered":"<p>[vc_section full_width=&#8221;stretch_row&#8221; css=&#8221;.vc_custom_1597424745610{padding-top: 50px !important;background-color: #f4f4f4 !important;background-position: 0 0 !important;background-repeat: repeat !important;}&#8221;][vc_row full_width=&#8221;stretch_row&#8221; css=&#8221;.vc_custom_1597424680167{background-color: #f4f4f4<span class=\"excerpt-hellip\"> [\u2026]<\/span><\/p>\n","protected":false},"author":146,"featured_media":-1,"parent":0,"menu_order":0,"comment_status":"closed","ping_status":"closed","template":"","meta":{"_acf_changed":false,"footnotes":""},"class_list":["post-32","page","type-page","status-publish","has-post-thumbnail","hentry","wpautop"],"acf":[],"yoast_head":"<title>HOME - TCEES | Hotsite PCA Estado<\/title>\n<meta name=\"robots\" content=\"index, follow, max-snippet:-1, max-image-preview:large, max-video-preview:-1\" \/>\n<link rel=\"canonical\" href=\"https:\/\/www.tcees.tc.br\/contasdegovernoestado\/\" \/>\n<meta property=\"og:locale\" content=\"pt_BR\" \/>\n<meta property=\"og:type\" content=\"article\" \/>\n<meta property=\"og:title\" content=\"HOME - TCEES | Hotsite PCA Estado\" \/>\n<meta property=\"og:description\" content=\"[vc_section full_width=&#8221;stretch_row&#8221; css=&#8221;.vc_custom_1597424745610{padding-top: 50px !important;background-color: #f4f4f4 !important;background-position: 0 0 !important;background-repeat: repeat !important;}&#8221;][vc_row full_width=&#8221;stretch_row&#8221; css=&#8221;.vc_custom_1597424680167{background-color: #f4f4f4 [\u2026]\" \/>\n<meta property=\"og:url\" content=\"https:\/\/www.tcees.tc.br\/contasdegovernoestado\/\" \/>\n<meta property=\"og:site_name\" content=\"TCEES | Hotsite PCA Estado\" \/>\n<meta property=\"article:modified_time\" content=\"2025-07-07T19:22:09+00:00\" \/>\n<meta name=\"twitter:card\" content=\"summary_large_image\" \/>\n<meta name=\"twitter:label1\" content=\"Est. tempo de leitura\" \/>\n\t<meta name=\"twitter:data1\" content=\"5 minutos\" \/>\n<script type=\"application\/ld+json\" class=\"yoast-schema-graph\">{\"@context\":\"https:\/\/schema.org\",\"@graph\":[{\"@type\":\"WebPage\",\"@id\":\"https:\/\/www.tcees.tc.br\/contasdegovernoestado\/\",\"url\":\"https:\/\/www.tcees.tc.br\/contasdegovernoestado\/\",\"name\":\"HOME - TCEES | Hotsite PCA Estado\",\"isPartOf\":{\"@id\":\"https:\/\/www.tcees.tc.br\/contasdegovernoestado\/#website\"},\"datePublished\":\"2020-02-18T15:47:08+00:00\",\"dateModified\":\"2025-07-07T19:22:09+00:00\",\"breadcrumb\":{\"@id\":\"https:\/\/www.tcees.tc.br\/contasdegovernoestado\/#breadcrumb\"},\"inLanguage\":\"pt-BR\",\"potentialAction\":[{\"@type\":\"ReadAction\",\"target\":[\"https:\/\/www.tcees.tc.br\/contasdegovernoestado\/\"]}]},{\"@type\":\"BreadcrumbList\",\"@id\":\"https:\/\/www.tcees.tc.br\/contasdegovernoestado\/#breadcrumb\",\"itemListElement\":[{\"@type\":\"ListItem\",\"position\":1,\"name\":\"In\u00edcio\",\"item\":\"https:\/\/www.tcees.tc.br\/contasdegovernoestado\/\"},{\"@type\":\"ListItem\",\"position\":2,\"name\":\"HOME\"}]},{\"@type\":\"WebSite\",\"@id\":\"https:\/\/www.tcees.tc.br\/contasdegovernoestado\/#website\",\"url\":\"https:\/\/www.tcees.tc.br\/contasdegovernoestado\/\",\"name\":\"TCEES | Hotsite PCA Estado\",\"description\":\"\",\"potentialAction\":[{\"@type\":\"SearchAction\",\"target\":{\"@type\":\"EntryPoint\",\"urlTemplate\":\"https:\/\/www.tcees.tc.br\/contasdegovernoestado\/?s={search_term_string}\"},\"query-input\":{\"@type\":\"PropertyValueSpecification\",\"valueRequired\":true,\"valueName\":\"search_term_string\"}}],\"inLanguage\":\"pt-BR\"}]}<\/script>","yoast_head_json":{"title":"HOME - TCEES | Hotsite PCA Estado","robots":{"index":"index","follow":"follow","max-snippet":"max-snippet:-1","max-image-preview":"max-image-preview:large","max-video-preview":"max-video-preview:-1"},"canonical":"https:\/\/www.tcees.tc.br\/contasdegovernoestado\/","og_locale":"pt_BR","og_type":"article","og_title":"HOME - TCEES | Hotsite PCA Estado","og_description":"[vc_section full_width=&#8221;stretch_row&#8221; css=&#8221;.vc_custom_1597424745610{padding-top: 50px !important;background-color: #f4f4f4 !important;background-position: 0 0 !important;background-repeat: repeat !important;}&#8221;][vc_row full_width=&#8221;stretch_row&#8221; css=&#8221;.vc_custom_1597424680167{background-color: #f4f4f4 [\u2026]","og_url":"https:\/\/www.tcees.tc.br\/contasdegovernoestado\/","og_site_name":"TCEES | Hotsite PCA Estado","article_modified_time":"2025-07-07T19:22:09+00:00","twitter_card":"summary_large_image","twitter_misc":{"Est. tempo de leitura":"5 minutos"},"schema":{"@context":"https:\/\/schema.org","@graph":[{"@type":"WebPage","@id":"https:\/\/www.tcees.tc.br\/contasdegovernoestado\/","url":"https:\/\/www.tcees.tc.br\/contasdegovernoestado\/","name":"HOME - TCEES | Hotsite PCA Estado","isPartOf":{"@id":"https:\/\/www.tcees.tc.br\/contasdegovernoestado\/#website"},"datePublished":"2020-02-18T15:47:08+00:00","dateModified":"2025-07-07T19:22:09+00:00","breadcrumb":{"@id":"https:\/\/www.tcees.tc.br\/contasdegovernoestado\/#breadcrumb"},"inLanguage":"pt-BR","potentialAction":[{"@type":"ReadAction","target":["https:\/\/www.tcees.tc.br\/contasdegovernoestado\/"]}]},{"@type":"BreadcrumbList","@id":"https:\/\/www.tcees.tc.br\/contasdegovernoestado\/#breadcrumb","itemListElement":[{"@type":"ListItem","position":1,"name":"In\u00edcio","item":"https:\/\/www.tcees.tc.br\/contasdegovernoestado\/"},{"@type":"ListItem","position":2,"name":"HOME"}]},{"@type":"WebSite","@id":"https:\/\/www.tcees.tc.br\/contasdegovernoestado\/#website","url":"https:\/\/www.tcees.tc.br\/contasdegovernoestado\/","name":"TCEES | Hotsite PCA Estado","description":"","potentialAction":[{"@type":"SearchAction","target":{"@type":"EntryPoint","urlTemplate":"https:\/\/www.tcees.tc.br\/contasdegovernoestado\/?s={search_term_string}"},"query-input":{"@type":"PropertyValueSpecification","valueRequired":true,"valueName":"search_term_string"}}],"inLanguage":"pt-BR"}]}},"_links":{"self":[{"href":"https:\/\/www.tcees.tc.br\/contasdegovernoestado\/wp-json\/wp\/v2\/pages\/32","targetHints":{"allow":["GET"]}}],"collection":[{"href":"https:\/\/www.tcees.tc.br\/contasdegovernoestado\/wp-json\/wp\/v2\/pages"}],"about":[{"href":"https:\/\/www.tcees.tc.br\/contasdegovernoestado\/wp-json\/wp\/v2\/types\/page"}],"author":[{"embeddable":true,"href":"https:\/\/www.tcees.tc.br\/contasdegovernoestado\/wp-json\/wp\/v2\/users\/146"}],"replies":[{"embeddable":true,"href":"https:\/\/www.tcees.tc.br\/contasdegovernoestado\/wp-json\/wp\/v2\/comments?post=32"}],"version-history":[{"count":0,"href":"https:\/\/www.tcees.tc.br\/contasdegovernoestado\/wp-json\/wp\/v2\/pages\/32\/revisions"}],"wp:featuredmedia":[{"embeddable":true,"href":"https:\/\/www.tcees.tc.br\/contasdegovernoestado\/wp-json\/"}],"wp:attachment":[{"href":"https:\/\/www.tcees.tc.br\/contasdegovernoestado\/wp-json\/wp\/v2\/media?parent=32"}],"curies":[{"name":"wp","href":"https:\/\/api.w.org\/{rel}","templated":true}]}}